{"id":539,"date":"2025-06-15T21:54:00","date_gmt":"2025-06-15T19:54:00","guid":{"rendered":"https:\/\/3joint-inteo.umh.es\/?page_id=539"},"modified":"2025-10-16T14:56:06","modified_gmt":"2025-10-16T12:56:06","slug":"inscripciones","status":"publish","type":"page","link":"https:\/\/3joint-inteo.umh.es\/ca\/inscripciones\/","title":{"rendered":"<span lang=\"es\">(Espa\u00f1ol) Inscripciones<\/span>"},"content":{"rendered":"<p>[et_pb_section fb_built=&#8221;1&#8243; admin_label=&#8221;Hero section&#8221; _builder_version=&#8221;4.17.4&#8243; _module_preset=&#8221;default&#8221; use_background_color_gradient=&#8221;on&#8221; background_color_gradient_stops=&#8221;rgba(105,122,105,0.22) 0%|#002320 100%&#8221; background_color_gradient_overlays_image=&#8221;on&#8221; background_color_gradient_start=&#8221;rgba(150,105,97,0.67)&#8221; background_color_gradient_end=&#8221;rgba(2,0,76,0.84)&#8221; background_image=&#8221;https:\/\/3joint-inteo.umh.es\/files\/2025\/06\/Fondo-Web-III-Jornadas-Inteo-Fondo-Transparente-1920x1080px.png&#8221; background_position=&#8221;top_center&#8221; custom_margin=&#8221;|||&#8221; custom_padding=&#8221;0.5%||1.9%|||&#8221; global_colors_info=&#8221;{}&#8221;][et_pb_row column_structure=&#8221;2_3,1_3&#8243; _builder_version=&#8221;4.16&#8243; _module_preset=&#8221;default&#8221; custom_margin=&#8221;|||&#8221; global_colors_info=&#8221;{}&#8221;][et_pb_column type=&#8221;2_3&#8243; _builder_version=&#8221;4.16&#8243; _module_preset=&#8221;default&#8221; custom_padding=&#8221;1px|||&#8221; global_colors_info=&#8221;{}&#8221; custom_padding__hover=&#8221;|||&#8221;][et_pb_text _builder_version=&#8221;4.17.4&#8243; _module_preset=&#8221;default&#8221; text_font=&#8221;Open Sans||||||||&#8221; text_font_size=&#8221;20px&#8221; text_line_height=&#8221;1.8em&#8221; header_font=&#8221;Open Sans|900|||||||&#8221; header_font_size=&#8221;80px&#8221; header_letter_spacing=&#8221;2px&#8221; header_line_height=&#8221;1.2em&#8221; background_layout=&#8221;dark&#8221; header_font_size_tablet=&#8221;46px&#8221; header_font_size_phone=&#8221;&#8221; header_font_size_last_edited=&#8221;on|tablet&#8221; global_colors_info=&#8221;{}&#8221;]<\/p>\n<h1><span style=\"font-size: xx-large;color: #ffffff\">Inscripciones<\/span><\/h1>\n<p>\u00a1Asegura tu lugar en las <em><strong>III Jornadas Internacionales InTeO<\/strong><\/em>!<br \/>Revisa las opciones de inscripci\u00f3n y elige la que mejor se adapte a ti.<\/p>\n<p>[\/et_pb_text][\/et_pb_column][et_pb_column type=&#8221;1_3&#8243; _builder_version=&#8221;4.16&#8243; _module_preset=&#8221;default&#8221; custom_padding=&#8221;|||&#8221; global_colors_info=&#8221;{}&#8221; custom_padding__hover=&#8221;|||&#8221;][\/et_pb_column][\/et_pb_row][\/et_pb_section][et_pb_section fb_built=&#8221;1&#8243; _builder_version=&#8221;4.17.4&#8243; _module_preset=&#8221;default&#8221; custom_padding=&#8221;30px||30px|||&#8221; global_colors_info=&#8221;{}&#8221;][et_pb_row _builder_version=&#8221;4.17.4&#8243; _module_preset=&#8221;default&#8221; custom_padding=&#8221;||7px|||&#8221; global_colors_info=&#8221;{}&#8221;][et_pb_column type=&#8221;4_4&#8243; _builder_version=&#8221;4.17.4&#8243; _module_preset=&#8221;default&#8221; global_colors_info=&#8221;{}&#8221;][et_pb_text _builder_version=&#8221;4.17.4&#8243; _module_preset=&#8221;default&#8221; text_font=&#8221;||||||||&#8221; text_font_size=&#8221;16px&#8221; text_line_height=&#8221;1.8em&#8221; header_font=&#8221;||||||||&#8221; header_2_font=&#8221;Poppins||||||||&#8221; header_2_font_size=&#8221;28px&#8221; header_2_line_height=&#8221;1.4em&#8221; header_3_font=&#8221;||||||||&#8221; text_orientation=&#8221;center&#8221; module_alignment=&#8221;center&#8221; locked=&#8221;off&#8221; global_colors_info=&#8221;{}&#8221;]<\/p>\n<h2 style=\"text-align: left\">Informaci\u00f3n para inscripciones<\/h2>\n<p>[\/et_pb_text][et_pb_text _builder_version=&#8221;4.17.4&#8243; _module_preset=&#8221;default&#8221; text_font=&#8221;||||||||&#8221; text_font_size=&#8221;16px&#8221; text_line_height=&#8221;1.8em&#8221; header_font=&#8221;||||||||&#8221; header_2_font=&#8221;Poppins||||||||&#8221; header_2_font_size=&#8221;28px&#8221; header_2_line_height=&#8221;1.4em&#8221; header_3_font=&#8221;||||||||&#8221; text_orientation=&#8221;center&#8221; module_alignment=&#8221;center&#8221; locked=&#8221;off&#8221; global_colors_info=&#8221;{}&#8221;]<\/p>\n<p style=\"text-align: left\">Para inscribirte a las III Jornadas Internacionales InTeO, completa el formulario de preinscripci\u00f3n antes de la fecha l\u00edmite.<\/p>\n<p style=\"text-align: left\">A continuaci\u00f3n, encontrar\u00e1s una tabla con las tarifas disponibles seg\u00fan la categor\u00eda de inscripci\u00f3n y el periodo de registro:<\/p>\n<p>[\/et_pb_text][et_pb_text _builder_version=&#8221;4.17.4&#8243; _module_preset=&#8221;default&#8221; custom_margin=&#8221;||3px|||&#8221; global_colors_info=&#8221;{}&#8221;]<\/p>\n<table style=\"border-collapse: collapse;width: 100%;height: 292px\" border=\"1\">\n<tbody>\n<tr style=\"height: 23px\">\n<td style=\"width: 33.3333%;height: 23px;text-align: center;background-color: #f7f7f7\"><strong>TIPO DE ENTRADA<\/strong><\/td>\n<td style=\"width: 33.3333%;height: 23px;text-align: left;background-color: #f7f7f7\"><strong>Reducida<br \/><\/strong><em>Antes del 12 de octubre de 2025<\/em><\/td>\n<td style=\"width: 33.3333%;height: 23px;text-align: left;background-color: #f7f7f7\"><strong>Normal<br \/><\/strong><em>Desde el 13 octubre hasta el 18 de noviembre de 2025<\/em><\/td>\n<\/tr>\n<tr style=\"height: 23px\">\n<td style=\"width: 33.3333%;height: 23px\" colspan=\"3\"><strong>Presencial<\/strong><\/td>\n<\/tr>\n<tr style=\"height: 51px\">\n<td style=\"width: 33.3333%;height: 51px\">\n<ul>\n<li>Ordinaria<\/li>\n<\/ul>\n<\/td>\n<td style=\"width: 33.3333%;height: 51px;text-align: center\"><span style=\"font-size: x-large\"><strong><em>50<\/em><\/strong><\/span><em>\u20ac<\/em><\/td>\n<td style=\"width: 33.3333%;height: 51px;text-align: center\"><span style=\"font-size: x-large\"><em><strong>70<\/strong><\/em><\/span><em>\u20ac<\/em><\/td>\n<\/tr>\n<tr style=\"height: 75px\">\n<td style=\"width: 33.3333%;height: 75px\">\n<ul>\n<li>Alumnado de m\u00e1ster y doctorado*<\/li>\n<\/ul>\n<\/td>\n<td style=\"width: 33.3333%;height: 75px;text-align: center\"><span style=\"font-size: x-large\"><em><strong>35<\/strong><\/em><\/span><em>\u20ac<\/em><\/td>\n<td style=\"width: 33.3333%;height: 75px;text-align: center\"><em><span style=\"font-size: x-large\"><strong>55<\/strong><\/span>\u20ac<\/em><\/td>\n<\/tr>\n<tr style=\"height: 51px\">\n<td style=\"width: 33.3333%;height: 51px\">\n<ul>\n<li>Alumnado de grado*<\/li>\n<\/ul>\n<\/td>\n<td style=\"width: 33.3333%;height: 51px;text-align: center\"><span style=\"font-size: x-large\"><em><strong>25<\/strong><\/em><\/span><em>\u20ac<\/em><\/td>\n<td style=\"width: 33.3333%;height: 51px;text-align: center\"><em><span style=\"font-size: x-large\"><strong>45<\/strong><\/span>\u20ac<\/em><\/td>\n<\/tr>\n<tr style=\"height: 23px\">\n<td style=\"width: 33.3333%;height: 23px;text-align: left\" colspan=\"3\"><strong>Online**<\/strong><\/td>\n<\/tr>\n<tr style=\"height: 23px\">\n<td style=\"width: 33.3333%;height: 23px\">\n<ul>\n<li>Pa\u00edses de bajos y medios ingresos<\/li>\n<\/ul>\n<\/td>\n<td style=\"width: 33.3333%;height: 23px;text-align: center\"><span style=\"font-size: x-large\"><strong><em>40<\/em><\/strong><\/span><em>\u20ac<\/em><\/td>\n<td style=\"width: 33.3333%;height: 23px;text-align: center\"><em><span style=\"font-size: x-large\"><strong>60<\/strong><\/span>\u20ac<\/em><\/td>\n<\/tr>\n<tr style=\"height: 23px\">\n<td style=\"width: 33.3333%;height: 23px\">\n<ul>\n<li>Pa\u00edses de altos ingresos<\/li>\n<\/ul>\n<\/td>\n<td style=\"width: 33.3333%;height: 23px;text-align: center\"><span style=\"font-size: x-large\"><strong><em>70<\/em><\/strong><\/span><em>\u20ac<\/em><\/td>\n<td style=\"width: 33.3333%;height: 23px;text-align: center\"><em><strong><span style=\"font-size: x-large\">90<\/span><\/strong>\u20ac<\/em><\/td>\n<\/tr>\n<\/tbody>\n<\/table>\n<p>&nbsp;<\/p>\n<p>[\/et_pb_text][et_pb_text _builder_version=&#8221;4.17.4&#8243; _module_preset=&#8221;default&#8221; global_colors_info=&#8221;{}&#8221;]<\/p>\n<p>*Ser\u00e1 necesario enviar copia de matr\u00edcula del curso 2025\/2026 a <a href=\"mailto:inteo@umh.es\">inteo@umh.es<\/a> tras la inscripci\u00f3n.<br \/>** Las tarifas se subdividen en funci\u00f3n del nivel econ\u00f3mico del pa\u00eds seg\u00fan el <a href=\"https:\/\/datatopics.worldbank.org\/world-development-indicators\/the-world-by-income-and-region.html\">Banco Mundial<\/a>.<\/p>\n<p>Para solicitar proforma\/ Factura final anticipada \/ Electr\u00f3nica, por favor enviar un e-mail a <a href=\"mailto:inteo@umh.es\">inteo@umh.es<\/a><\/p>\n<p>[\/et_pb_text][et_pb_text _builder_version=&#8221;4.17.4&#8243; _module_preset=&#8221;default&#8221; global_colors_info=&#8221;{}&#8221;]<\/p>\n<h4>Instrucciones para rellenar el formulario de preinscripci\u00f3n :<\/h4>\n<ul>\n<li>En la casilla de <strong>Tipo de ense\u00f1anza (*)<\/strong> seleccionar: <span style=\"text-decoration: underline\">CONGRESOS<\/span><\/li>\n<li>En la casilla de <strong>Ense\u00f1anza (*)<\/strong> seleccionar: <span style=\"text-decoration: underline\">III Jornadas INTernacionales InTeO<\/span><\/li>\n<li>En la casilla <strong>Documento<\/strong> rellene con su Documento Nacional de Identidad.<\/li>\n<li>Continuar y realizar el pago del recibo a trav\u00e9s de su banco o desde el TPV virtual.<\/li>\n<\/ul>\n<p>[\/et_pb_text][\/et_pb_column][\/et_pb_row][\/et_pb_section][et_pb_section fb_built=&#8221;1&#8243; admin_label=&#8221;Hero section&#8221; _builder_version=&#8221;4.17.4&#8243; _module_preset=&#8221;default&#8221; use_background_color_gradient=&#8221;on&#8221; background_color_gradient_stops=&#8221;#e5e5e5 0%|#dbdbdb 100%&#8221; background_color_gradient_overlays_image=&#8221;on&#8221; background_color_gradient_start=&#8221;rgba(150,105,97,0.67)&#8221; background_color_gradient_end=&#8221;rgba(2,0,76,0.84)&#8221; background_enable_image=&#8221;off&#8221; background_position=&#8221;top_center&#8221; custom_margin=&#8221;|||&#8221; custom_padding=&#8221;1.4%||0.6%|||&#8221; global_colors_info=&#8221;{}&#8221;][et_pb_row _builder_version=&#8221;4.17.4&#8243; _module_preset=&#8221;default&#8221; custom_margin=&#8221;|||&#8221; global_colors_info=&#8221;{}&#8221;][et_pb_column type=&#8221;4_4&#8243; _builder_version=&#8221;4.16&#8243; _module_preset=&#8221;default&#8221; custom_padding=&#8221;|||&#8221; global_colors_info=&#8221;{}&#8221; custom_padding__hover=&#8221;|||&#8221;][et_pb_cta title=&#8221;FORMULARIO DE PREINSCRIPCI\u00d3N&#8221; button_url=&#8221;https:\/\/universite.umh.es\/fpogestion\/aspx\/Preinscripcion\/Preinscripcion.aspx&#8221; url_new_window=&#8221;on&#8221; button_text=&#8221;Inscr\u00edbete&#8221; _builder_version=&#8221;4.17.4&#8243; _module_preset=&#8221;default&#8221; header_font=&#8221;Lato|900||on|||||&#8221; header_text_color=&#8221;#4c4c4c&#8221; header_font_size=&#8221;48px&#8221; header_letter_spacing=&#8221;2px&#8221; header_line_height=&#8221;1.2em&#8221; body_font=&#8221;Lato||||||||&#8221; body_text_color=&#8221;#4c4c4c&#8221; body_font_size=&#8221;20px&#8221; body_line_height=&#8221;1.8em&#8221; use_background_color=&#8221;off&#8221; custom_button=&#8221;on&#8221; button_text_size=&#8221;16px&#8221; button_text_color=&#8221;#ffffff&#8221; button_bg_color=&#8221;#298042&#8243; button_border_width=&#8221;6px&#8221; button_border_color=&#8221;#298042&#8243; button_border_radius=&#8221;5px&#8221; button_letter_spacing=&#8221;2px&#8221; button_font=&#8221;Lato|900||on|||||&#8221; max_width=&#8221;750px&#8221; module_alignment=&#8221;center&#8221; custom_margin=&#8221;||4px||false|false&#8221; link_option_url=&#8221;https:\/\/universite.umh.es\/fpogestion\/aspx\/Preinscripcion\/Preinscripcion.aspx&#8221; link_option_url_new_window=&#8221;on&#8221; header_font_size_tablet=&#8221;40px&#8221; header_font_size_phone=&#8221;&#8221; header_font_size_last_edited=&#8221;on|tablet&#8221; header_text_shadow_style=&#8221;preset1&#8243; header_text_shadow_blur_strength=&#8221;0.6em&#8221; header_text_shadow_color=&#8221;rgba(0,0,0,0.24)&#8221; button_letter_spacing_hover=&#8221;2px&#8221; global_colors_info=&#8221;{}&#8221; button_text_size__hover_enabled=&#8221;off&#8221; button_one_text_size__hover_enabled=&#8221;off&#8221; button_two_text_size__hover_enabled=&#8221;off&#8221; button_text_color__hover_enabled=&#8221;off&#8221; button_one_text_color__hover_enabled=&#8221;off&#8221; button_two_text_color__hover_enabled=&#8221;off&#8221; button_border_width__hover_enabled=&#8221;off&#8221; button_one_border_width__hover_enabled=&#8221;off&#8221; button_two_border_width__hover_enabled=&#8221;off&#8221; button_border_color__hover_enabled=&#8221;off&#8221; button_one_border_color__hover_enabled=&#8221;off&#8221; button_two_border_color__hover_enabled=&#8221;off&#8221; button_border_radius__hover_enabled=&#8221;off&#8221; button_one_border_radius__hover_enabled=&#8221;off&#8221; button_two_border_radius__hover_enabled=&#8221;off&#8221; button_letter_spacing__hover_enabled=&#8221;on&#8221; button_letter_spacing__hover=&#8221;2px&#8221; button_one_letter_spacing__hover_enabled=&#8221;off&#8221; button_two_letter_spacing__hover_enabled=&#8221;off&#8221; button_bg_color__hover_enabled=&#8221;off&#8221; button_one_bg_color__hover_enabled=&#8221;off&#8221; button_two_bg_color__hover_enabled=&#8221;off&#8221;]<\/p>\n<p>\u00danete las <strong>III Jornadas Internacionales del Grupo InTeO<\/strong>, un espacio para compartir conocimiento, experiencias e innovaci\u00f3n en el \u00e1mbito de la ocupaci\u00f3n.<\/p>\n<p>[\/et_pb_cta][\/et_pb_column][\/et_pb_row][\/et_pb_section][et_pb_section fb_built=&#8221;1&#8243; admin_label=&#8221;Hero section&#8221; _builder_version=&#8221;4.17.4&#8243; _module_preset=&#8221;default&#8221; background_color=&#8221;#fcfcfc&#8221; background_enable_image=&#8221;off&#8221; background_position=&#8221;top_center&#8221; custom_margin=&#8221;|||&#8221; custom_padding=&#8221;1.4%||0.6%|||&#8221; global_colors_info=&#8221;{}&#8221;][et_pb_row _builder_version=&#8221;4.17.4&#8243; _module_preset=&#8221;default&#8221; custom_margin=&#8221;|||&#8221; global_colors_info=&#8221;{}&#8221;][et_pb_column type=&#8221;4_4&#8243; _builder_version=&#8221;4.16&#8243; _module_preset=&#8221;default&#8221; custom_padding=&#8221;|||&#8221; global_colors_info=&#8221;{}&#8221; custom_padding__hover=&#8221;|||&#8221;][et_pb_text _builder_version=&#8221;4.17.4&#8243; _module_preset=&#8221;default&#8221; text_font=&#8221;||||||||&#8221; text_font_size=&#8221;16px&#8221; text_line_height=&#8221;1.8em&#8221; header_font=&#8221;||||||||&#8221; header_2_font=&#8221;Poppins||||||||&#8221; header_2_font_size=&#8221;28px&#8221; header_2_line_height=&#8221;1.4em&#8221; header_3_font=&#8221;||||||||&#8221; text_orientation=&#8221;center&#8221; module_alignment=&#8221;center&#8221; locked=&#8221;off&#8221; global_colors_info=&#8221;{}&#8221;]<\/p>\n<h2 style=\"text-align: left\">Pol\u00edtica de cancelaci\u00f3n<\/h2>\n<p>[\/et_pb_text][et_pb_text _builder_version=&#8221;4.17.4&#8243; _module_preset=&#8221;default&#8221; global_colors_info=&#8221;{}&#8221;]<\/p>\n<h4>Cancelaciones y reembolso:<\/h4>\n<ul>\n<li>Cancelaciones realizadas hasta el 01 de octubre del 2025: Reembolso del 90%.<\/li>\n<li>Cancelaciones realizadas entre el 01 de octubre al 15 de noviembre 2025. Reembolso del 50%.<\/li>\n<li>Cancelaciones realizadas a partir del 16 de noviembre no ser\u00e1n reembolsadas.<\/li>\n<\/ul>\n<p>Todas las solicitudes de cancelaci\u00f3n deben ser enviadas por escrito (correo electr\u00f3nico) a: <a href=\"mailto:inteo@umh.es\">inteo@umh.es<\/a><\/p>\n<p><b>Nota<\/b>: Si por causa de fuerza mayor la organizaci\u00f3n tuviese que cancelar la conferencia, se devolver\u00e1 a todas las personas inscritas el 90% de la cuota abonada. El 10% restante se utilizar\u00e1 para sufragar los gastos derivados de la propia organizaci\u00f3n.<\/p>\n<p>[\/et_pb_text][\/et_pb_column][\/et_pb_row][\/et_pb_section]<\/p>\n","protected":false},"excerpt":{"rendered":"<p>Inscripciones \u00a1Asegura tu lugar en las III Jornadas Internacionales InTeO!Revisa las opciones de inscripci\u00f3n y elige la que mejor se adapte a ti.Informaci\u00f3n para inscripcionesPara inscribirte a las III Jornadas Internacionales InTeO, completa el formulario de preinscripci\u00f3n antes de la fecha l\u00edmite. A continuaci\u00f3n, encontrar\u00e1s una tabla con las tarifas disponibles seg\u00fan la categor\u00eda de [&hellip;]<\/p>\n","protected":false},"author":27939,"featured_media":0,"parent":0,"menu_order":0,"comment_status":"closed","ping_status":"closed","template":"","meta":{"_et_pb_use_builder":"on","_et_pb_old_content":"","_et_gb_content_width":"","_links_to":"","_links_to_target":""},"_links":{"self":[{"href":"https:\/\/3joint-inteo.umh.es\/ca\/wp-json\/wp\/v2\/pages\/539"}],"collection":[{"href":"https:\/\/3joint-inteo.umh.es\/ca\/wp-json\/wp\/v2\/pages"}],"about":[{"href":"https:\/\/3joint-inteo.umh.es\/ca\/wp-json\/wp\/v2\/types\/page"}],"author":[{"embeddable":true,"href":"https:\/\/3joint-inteo.umh.es\/ca\/wp-json\/wp\/v2\/users\/27939"}],"replies":[{"embeddable":true,"href":"https:\/\/3joint-inteo.umh.es\/ca\/wp-json\/wp\/v2\/comments?post=539"}],"version-history":[{"count":0,"href":"https:\/\/3joint-inteo.umh.es\/ca\/wp-json\/wp\/v2\/pages\/539\/revisions"}],"wp:attachment":[{"href":"https:\/\/3joint-inteo.umh.es\/ca\/wp-json\/wp\/v2\/media?parent=539"}],"curies":[{"name":"wp","href":"https:\/\/api.w.org\/{rel}","templated":true}]}}