{"id":713,"date":"2025-06-27T18:27:02","date_gmt":"2025-06-27T16:27:02","guid":{"rendered":"https:\/\/3joint-inteo.umh.es\/?page_id=713"},"modified":"2025-10-14T00:15:54","modified_gmt":"2025-10-13T22:15:54","slug":"informacion-de-interes","status":"publish","type":"page","link":"https:\/\/3joint-inteo.umh.es\/ca\/informacion-de-interes\/","title":{"rendered":"<span lang=\"es\">(Espa\u00f1ol) Informaci\u00f3n de inter\u00e9s<\/span>"},"content":{"rendered":"<p>[et_pb_section fb_built=&#8221;1&#8243; admin_label=&#8221;Hero section&#8221; _builder_version=&#8221;4.17.4&#8243; _module_preset=&#8221;default&#8221; use_background_color_gradient=&#8221;on&#8221; background_color_gradient_stops=&#8221;#ef5656 0%|rgba(242,145,123,0.8) 100%&#8221; background_color_gradient_overlays_image=&#8221;on&#8221; background_image=&#8221;https:\/\/3joint-inteo.umh.es\/files\/2025\/06\/Fondo-Web-III-Jornadas-Inteo-Fondo-Transparente-1920x1080px.png&#8221; background_position=&#8221;top_center&#8221; custom_margin=&#8221;|||&#8221; custom_padding=&#8221;0.5%||0.2%|||&#8221; locked=&#8221;off&#8221; global_colors_info=&#8221;{}&#8221;][et_pb_row column_structure=&#8221;2_3,1_3&#8243; _builder_version=&#8221;4.17.4&#8243; _module_preset=&#8221;default&#8221; custom_margin=&#8221;|||&#8221; global_colors_info=&#8221;{}&#8221;][et_pb_column type=&#8221;2_3&#8243; _builder_version=&#8221;4.16&#8243; _module_preset=&#8221;default&#8221; custom_padding=&#8221;1px|||&#8221; global_colors_info=&#8221;{}&#8221; custom_padding__hover=&#8221;|||&#8221;][et_pb_text _builder_version=&#8221;4.17.4&#8243; _module_preset=&#8221;default&#8221; text_font=&#8221;Open Sans||||||||&#8221; text_text_color=&#8221;#FFFFFF&#8221; text_font_size=&#8221;20px&#8221; text_line_height=&#8221;1.8em&#8221; header_font=&#8221;Open Sans|900|||||||&#8221; header_font_size=&#8221;80px&#8221; header_letter_spacing=&#8221;2px&#8221; header_line_height=&#8221;1.2em&#8221; background_layout=&#8221;dark&#8221; header_font_size_tablet=&#8221;46px&#8221; header_font_size_phone=&#8221;&#8221; header_font_size_last_edited=&#8221;on|tablet&#8221; global_colors_info=&#8221;{}&#8221;]<\/p>\n<h6><span style=\"color: #ffffff\"><strong><span style=\"font-size: xx-large\">Informaci\u00f3n de inter\u00e9s<\/span><\/strong><\/span><\/h6>\n<p>En esta secci\u00f3n encontrar\u00e1s informaci\u00f3n sobre la ciudad y sede de las <strong><em>III Jornadas Internacionales InTeO<\/em><\/strong>. Adem\u00e1s, ofrecemos algunas recomendaciones de alojamiento cercanas a la sede del evento.<\/p>\n<p>[\/et_pb_text][et_pb_button button_url=&#8221;@ET-DC@eyJkeW5hbWljIjp0cnVlLCJjb250ZW50IjoicG9zdF9saW5rX3VybF9wYWdlIiwic2V0dGluZ3MiOnsicG9zdF9pZCI6IjUzOSJ9fQ==@&#8221; button_text=&#8221;Inscripciones&#8221; button_alignment=&#8221;left&#8221; _builder_version=&#8221;4.17.4&#8243; _dynamic_attributes=&#8221;button_url&#8221; _module_preset=&#8221;default&#8221; custom_button=&#8221;on&#8221; button_text_size=&#8221;14px&#8221; button_text_color=&#8221;#ffffff&#8221; button_bg_color=&#8221;#298042&#8243; button_border_width=&#8221;0px&#8221; button_border_radius=&#8221;100px&#8221; button_letter_spacing=&#8221;1px&#8221; button_font=&#8221;Poppins|600||on|||||&#8221; button_use_icon=&#8221;off&#8221; background_layout=&#8221;dark&#8221; custom_padding=&#8221;10px|30px|10px|30px&#8221; button_letter_spacing_hover=&#8221;1px&#8221; locked=&#8221;off&#8221; global_colors_info=&#8221;{}&#8221; button_text_size__hover_enabled=&#8221;off&#8221; button_one_text_size__hover_enabled=&#8221;off&#8221; button_two_text_size__hover_enabled=&#8221;off&#8221; button_text_color__hover_enabled=&#8221;off&#8221; button_one_text_color__hover_enabled=&#8221;off&#8221; button_two_text_color__hover_enabled=&#8221;off&#8221; button_border_width__hover_enabled=&#8221;off&#8221; button_one_border_width__hover_enabled=&#8221;off&#8221; button_two_border_width__hover_enabled=&#8221;off&#8221; button_border_color__hover_enabled=&#8221;off&#8221; button_one_border_color__hover_enabled=&#8221;off&#8221; button_two_border_color__hover_enabled=&#8221;off&#8221; button_border_radius__hover_enabled=&#8221;off&#8221; button_one_border_radius__hover_enabled=&#8221;off&#8221; button_two_border_radius__hover_enabled=&#8221;off&#8221; button_letter_spacing__hover_enabled=&#8221;on&#8221; button_letter_spacing__hover=&#8221;1px&#8221; button_one_letter_spacing__hover_enabled=&#8221;off&#8221; button_two_letter_spacing__hover_enabled=&#8221;off&#8221; button_bg_color__hover_enabled=&#8221;off&#8221; button_one_bg_color__hover_enabled=&#8221;off&#8221; button_two_bg_color__hover_enabled=&#8221;off&#8221;][\/et_pb_button][\/et_pb_column][et_pb_column type=&#8221;1_3&#8243; _builder_version=&#8221;4.16&#8243; _module_preset=&#8221;default&#8221; custom_padding=&#8221;|||&#8221; global_colors_info=&#8221;{}&#8221; custom_padding__hover=&#8221;|||&#8221;][et_pb_image src=&#8221;https:\/\/3joint-inteo.umh.es\/files\/2025\/06\/City.png&#8221; title_text=&#8221;City&#8221; admin_label=&#8221;Cum Okolo \/ Alamy Stock Photo&#8221; _builder_version=&#8221;4.17.4&#8243; _module_preset=&#8221;default&#8221; global_colors_info=&#8221;{}&#8221;][\/et_pb_image][\/et_pb_column][\/et_pb_row][et_pb_row column_structure=&#8221;1_3,1_3,1_3&#8243; _builder_version=&#8221;4.17.4&#8243; _module_preset=&#8221;default&#8221; custom_margin=&#8221;|||&#8221; global_colors_info=&#8221;{}&#8221;][et_pb_column type=&#8221;1_3&#8243; _builder_version=&#8221;4.16&#8243; _module_preset=&#8221;default&#8221; custom_padding=&#8221;1px|||&#8221; global_colors_info=&#8221;{}&#8221; custom_padding__hover=&#8221;|||&#8221;][et_pb_blurb title=&#8221;CIUDAD&#8221; url=&#8221;https:\/\/3joint-inteo.umh.es\/informacion-de-interes\/#ciudad&#8221; use_icon=&#8221;on&#8221; font_icon=&#8221;&#xe0ef;||divi||400&#8243; icon_color=&#8221;#ffffff&#8221; _builder_version=&#8221;4.17.4&#8243; _module_preset=&#8221;default&#8221; header_font=&#8221;|800|||||||&#8221; header_text_align=&#8221;center&#8221; header_text_color=&#8221;#ffffff&#8221; custom_padding=&#8221;20px|20px|20px|20px|false|false&#8221; border_radii=&#8221;on|10px|10px|10px|10px&#8221; border_width_all=&#8221;6px&#8221; border_color_all=&#8221;#FFFFFF&#8221; global_colors_info=&#8221;{}&#8221;][\/et_pb_blurb][\/et_pb_column][et_pb_column type=&#8221;1_3&#8243; _builder_version=&#8221;4.16&#8243; _module_preset=&#8221;default&#8221; custom_padding=&#8221;|||&#8221; global_colors_info=&#8221;{}&#8221; custom_padding__hover=&#8221;|||&#8221;][et_pb_blurb title=&#8221;SEDE&#8221; url=&#8221;https:\/\/3joint-inteo.umh.es\/informacion-de-interes\/#sede&#8221; use_icon=&#8221;on&#8221; font_icon=&#8221;&#xf19c;||fa||900&#8243; icon_color=&#8221;#ffffff&#8221; _builder_version=&#8221;4.17.4&#8243; _module_preset=&#8221;default&#8221; header_font=&#8221;|800|||||||&#8221; header_text_align=&#8221;center&#8221; header_text_color=&#8221;#ffffff&#8221; custom_padding=&#8221;20px|20px|20px|20px|false|false&#8221; border_radii=&#8221;on|10px|10px|10px|10px&#8221; border_width_all=&#8221;6px&#8221; border_color_all=&#8221;#FFFFFF&#8221; global_colors_info=&#8221;{}&#8221;][\/et_pb_blurb][\/et_pb_column][et_pb_column type=&#8221;1_3&#8243; _builder_version=&#8221;4.16&#8243; _module_preset=&#8221;default&#8221; custom_padding=&#8221;|||&#8221; global_colors_info=&#8221;{}&#8221; custom_padding__hover=&#8221;|||&#8221;][et_pb_blurb title=&#8221;ALOJAMIENTO&#8221; url=&#8221;https:\/\/3joint-inteo.umh.es\/informacion-de-interes\/#alojamiento&#8221; use_icon=&#8221;on&#8221; font_icon=&#8221;&#xf0fd;||fa||900&#8243; icon_color=&#8221;#ffffff&#8221; _builder_version=&#8221;4.17.4&#8243; _module_preset=&#8221;default&#8221; header_font=&#8221;|800|||||||&#8221; header_text_align=&#8221;center&#8221; header_text_color=&#8221;#ffffff&#8221; custom_padding=&#8221;20px|20px|20px|20px|false|false&#8221; border_radii=&#8221;on|10px|10px|10px|10px&#8221; border_width_all=&#8221;6px&#8221; border_color_all=&#8221;#FFFFFF&#8221; global_colors_info=&#8221;{}&#8221;][\/et_pb_blurb][\/et_pb_column][\/et_pb_row][\/et_pb_section][et_pb_section fb_built=&#8221;1&#8243; admin_label=&#8221;Features&#8221; module_id=&#8221;ciudad&#8221; _builder_version=&#8221;4.17.4&#8243; _module_preset=&#8221;default&#8221; background_color=&#8221;#fcfcfc&#8221; custom_margin=&#8221;||||false|false&#8221; custom_padding=&#8221;5px|0px|4px|0px||&#8221; locked=&#8221;off&#8221; global_colors_info=&#8221;{}&#8221;][et_pb_row _builder_version=&#8221;4.16&#8243; _module_preset=&#8221;default&#8221; custom_padding=&#8221;27px|0px|27px|0px&#8221; global_colors_info=&#8221;{}&#8221;][et_pb_column type=&#8221;4_4&#8243; _builder_version=&#8221;4.16&#8243; _module_preset=&#8221;default&#8221; custom_padding=&#8221;|||&#8221; global_colors_info=&#8221;{}&#8221; custom_padding__hover=&#8221;|||&#8221;][et_pb_text _builder_version=&#8221;4.17.4&#8243; _module_preset=&#8221;default&#8221; text_font=&#8221;||||||||&#8221; text_font_size=&#8221;16px&#8221; text_line_height=&#8221;1.8em&#8221; header_font=&#8221;||||||||&#8221; header_2_font=&#8221;Poppins||||||||&#8221; header_2_font_size=&#8221;28px&#8221; header_2_line_height=&#8221;1.4em&#8221; header_3_font=&#8221;||||||||&#8221; text_orientation=&#8221;center&#8221; max_width=&#8221;700px&#8221; module_alignment=&#8221;center&#8221; global_colors_info=&#8221;{}&#8221;]<\/p>\n<h2>Ciudad<\/h2>\n<p>[\/et_pb_text][et_pb_divider color=&#8221;#0099aa&#8221; divider_weight=&#8221;1px&#8221; _builder_version=&#8221;4.17.4&#8243; _module_preset=&#8221;default&#8221; global_colors_info=&#8221;{}&#8221;][\/et_pb_divider][\/et_pb_column][\/et_pb_row][et_pb_row _builder_version=&#8221;4.16&#8243; _module_preset=&#8221;default&#8221; custom_padding=&#8221;||0px|||&#8221; global_colors_info=&#8221;{}&#8221;][et_pb_column type=&#8221;4_4&#8243; _builder_version=&#8221;4.16&#8243; _module_preset=&#8221;default&#8221; custom_padding=&#8221;|||&#8221; global_colors_info=&#8221;{}&#8221; custom_padding__hover=&#8221;|||&#8221;][et_pb_text _builder_version=&#8221;4.17.4&#8243; _module_preset=&#8221;default&#8221; text_font=&#8221;||||||||&#8221; text_font_size=&#8221;16px&#8221; text_line_height=&#8221;1.8em&#8221; header_font=&#8221;||||||||&#8221; header_2_font=&#8221;Poppins||||||||&#8221; header_2_font_size=&#8221;28px&#8221; header_2_line_height=&#8221;1.4em&#8221; header_3_font=&#8221;||||||||&#8221; text_orientation=&#8221;center&#8221; max_width=&#8221;700px&#8221; module_alignment=&#8221;left&#8221; custom_margin=&#8221;||||false|false&#8221; global_colors_info=&#8221;{}&#8221;]<\/p>\n<h2 style=\"text-align: left\">Sobre Elche<\/h2>\n<p>[\/et_pb_text][\/et_pb_column][\/et_pb_row][et_pb_row column_structure=&#8221;1_2,1_2&#8243; _builder_version=&#8221;4.16&#8243; _module_preset=&#8221;default&#8221; custom_margin=&#8221;2px|auto||auto||&#8221; custom_padding=&#8221;11px|||||&#8221; global_colors_info=&#8221;{}&#8221;][et_pb_column type=&#8221;1_2&#8243; _builder_version=&#8221;4.16&#8243; _module_preset=&#8221;default&#8221; custom_padding=&#8221;|||&#8221; global_colors_info=&#8221;{}&#8221; custom_padding__hover=&#8221;|||&#8221;][et_pb_text _builder_version=&#8221;4.17.4&#8243; _module_preset=&#8221;default&#8221; global_colors_info=&#8221;{}&#8221;]<\/p>\n<p>Elche, situada en la provincia de Alicante, Comunidad Valenciana, es una ciudad con una rica historia y patrimonio cultural. Con una poblaci\u00f3n de 243.128 habitantes (INE 2024), es la tercera ciudad m\u00e1s poblada de la regi\u00f3n y la decimonovena de Espa\u00f1a. La ciudad es reconocida por su impresionante Palmeral, un extenso conjunto de palmeras declarado Patrimonio de la Humanidad por la UNESCO en 2000.<\/p>\n<p>Otro de sus tesoros culturales es el Misterio de Elche, un drama sacro-l\u00edrico que recrea la Dormici\u00f3n, Asunci\u00f3n y Coronaci\u00f3n de la Virgen Mar\u00eda. Esta representaci\u00f3n, de origen medieval, ha sido escenificada sin interrupci\u00f3n desde el siglo XV y fue declarada Patrimonio Cultural Inmaterial de la Humanidad por la UNESCO en 2001. Elche tambi\u00e9n es conocida por la Dama de Elche, una escultura \u00edbera del siglo V a.C. hallada en el yacimiento arqueol\u00f3gico de La Alcudia. Aunque la pieza original se encuentra en el Museo Arqueol\u00f3gico Nacional en Madrid, la ciudad alberga una r\u00e9plica exacta en el Museo Arqueol\u00f3gico y de Historia de Elche.<\/p>\n<p>Para m\u00e1s informaci\u00f3n visite la p\u00e1gina\u00a0<a title=\"VisitElche\" href=\"https:\/\/www.visitelche.com\/\">VisitElche<\/a>.<\/p>\n<p>[\/et_pb_text][\/et_pb_column][et_pb_column type=&#8221;1_2&#8243; _builder_version=&#8221;4.16&#8243; _module_preset=&#8221;default&#8221; custom_padding=&#8221;|||&#8221; global_colors_info=&#8221;{}&#8221; custom_padding__hover=&#8221;|||&#8221;][et_pb_image src=&#8221;https:\/\/3joint-inteo.umh.es\/files\/2025\/06\/ElcheTurismo.jpg&#8221; title_text=&#8221;ElcheTurismo&#8221; _builder_version=&#8221;4.17.4&#8243; _module_preset=&#8221;default&#8221; global_colors_info=&#8221;{}&#8221;][\/et_pb_image][\/et_pb_column][\/et_pb_row][et_pb_row _builder_version=&#8221;4.16&#8243; _module_preset=&#8221;default&#8221; custom_padding=&#8221;11px||0px|||&#8221; global_colors_info=&#8221;{}&#8221;][et_pb_column type=&#8221;4_4&#8243; _builder_version=&#8221;4.16&#8243; _module_preset=&#8221;default&#8221; custom_padding=&#8221;|||&#8221; global_colors_info=&#8221;{}&#8221; custom_padding__hover=&#8221;|||&#8221;][et_pb_divider color=&#8221;#0099aa&#8221; divider_weight=&#8221;1px&#8221; _builder_version=&#8221;4.17.4&#8243; _module_preset=&#8221;default&#8221; global_colors_info=&#8221;{}&#8221;][\/et_pb_divider][et_pb_text _builder_version=&#8221;4.17.4&#8243; _module_preset=&#8221;default&#8221; text_font=&#8221;||||||||&#8221; text_font_size=&#8221;16px&#8221; text_line_height=&#8221;1.8em&#8221; header_font=&#8221;||||||||&#8221; header_2_font=&#8221;Poppins||||||||&#8221; header_2_font_size=&#8221;28px&#8221; header_2_line_height=&#8221;1.4em&#8221; header_3_font=&#8221;||||||||&#8221; text_orientation=&#8221;center&#8221; max_width=&#8221;700px&#8221; module_alignment=&#8221;left&#8221; custom_margin=&#8221;||||false|false&#8221; global_colors_info=&#8221;{}&#8221;]<\/p>\n<h2 style=\"text-align: left\">\u00bfC\u00f3mo llegar a Elche desde el Aeropuerto de Alicante \u2013 Elche?<\/h2>\n<p>[\/et_pb_text][\/et_pb_column][\/et_pb_row][et_pb_row column_structure=&#8221;1_2,1_2&#8243; _builder_version=&#8221;4.16&#8243; _module_preset=&#8221;default&#8221; custom_margin=&#8221;2px|auto||auto||&#8221; custom_padding=&#8221;11px|||||&#8221; global_colors_info=&#8221;{}&#8221;][et_pb_column type=&#8221;1_2&#8243; _builder_version=&#8221;4.16&#8243; _module_preset=&#8221;default&#8221; custom_padding=&#8221;|||&#8221; global_colors_info=&#8221;{}&#8221; custom_padding__hover=&#8221;|||&#8221;][et_pb_icon font_icon=&#8221;&#xf55e;||fa||900&#8243; icon_color=&#8221;#0373a3&#8243; icon_width=&#8221;40px&#8221; align=&#8221;left&#8221; _builder_version=&#8221;4.17.4&#8243; _module_preset=&#8221;default&#8221; global_colors_info=&#8221;{}&#8221;][\/et_pb_icon][et_pb_text _builder_version=&#8221;4.17.4&#8243; _module_preset=&#8221;default&#8221; global_colors_info=&#8221;{}&#8221;]<\/p>\n<div class=\"et_pb_module et_pb_text et_pb_text_5  et_pb_text_align_left et_pb_bg_layout_light\">\n<div class=\"et_pb_text_inner\">\n<h4><strong>Autob\u00fas<\/strong><\/h4>\n<h4><span style=\"color: #666666;font-size: 14px\">Las paradas de los autobuses de l\u00ednea se encuentran en la planta superior, en la zona de llegadas. El servicio de autobuses entre el Aeropuerto de Alicante y Elche es operado por\u00a0<\/span><a style=\"font-size: 14px\" href=\"https:\/\/movilidad.vectalia.es\/\"><strong>Vectalia<\/strong><\/a><span style=\"color: #666666;font-size: 14px\">.<\/span><\/h4>\n<h4><span style=\"color: #666666;font-size: 14px\">Las l\u00edneas de Aerob\u00fas\u00a0<\/span><strong style=\"color: #666666;font-size: 14px\">C6<\/strong><span style=\"color: #666666;font-size: 14px\">,\u00a0<\/span><strong style=\"color: #666666;font-size: 14px\">L1A<\/strong><span style=\"color: #666666;font-size: 14px\">\u00a0y\u00a0<\/span><strong style=\"color: #666666;font-size: 14px\">L1B<\/strong><span style=\"color: #666666;font-size: 14px\">\u00a0conectan directamente Alicante y Elche con la nueva terminal. Al ser un servicio expr\u00e9s, los autobuses hacen pocas paradas y el precio de sus billetes es superior al de los autobuses urbanos normales.<\/span><\/h4>\n<\/div>\n<\/div>\n<div class=\"et_pb_module et_pb_text et_pb_text_6  et_pb_text_align_left et_pb_bg_layout_light\">\n<div class=\"et_pb_text_inner\">\n<p>La l\u00ednea\u00a0<strong>C6<\/strong>\u00a0de autob\u00fas urbano, por ejemplo, funciona todos los d\u00edas del a\u00f1o, pasa aproximadamente cada 20 minutos por varios puntos de la ciudad de Alicante, como las estaciones de Luceros y Mercado, y su billete sencillo tiene un coste de 3,85 \u20ac.<\/p>\n<p>Estos son los servicio de Aerob\u00fas con parada en el aeropuerto:<\/p>\n<ul>\n<li><strong>L\u00ednea C6<\/strong>: Alicante \u2013 Aeropuerto de Alicante \/ Aeropuerto-Alicante ciudad<\/li>\n<li><strong>L\u00ednea 1A<\/strong>: Elche-Parque Empresarial-Aeropuerto de Alicante \/ Aeropuerto de Alicante-Parque Empresarial-Elche.<\/li>\n<li><strong>L\u00ednea 1B<\/strong>: Elche-Aeropuerto-Arenales del Sol \/ Arenales del Sol-Aeropuerto-Elche.<\/li>\n<\/ul>\n<p>Mientras que la\u00a0<strong>l\u00ednea 1A<\/strong>\u00a0sale de Elche y hace paradas en Torrellano, el parque industrial de la ciudad y otros puntos del casco urbano antes de llegar al aeropuerto, la\u00a0<strong>l\u00ednea 1B<\/strong>\u00a0parte de Elche, pasa por la terminal y termina su recorrido en las playa de El Altet y Arenales Sol. Las dos tienen frecuencia horaria y su billete sencillo tiene un precio de 1,50 \u20ac. La frecuencia de paso es aproximadamente cada hora, desde las 5:00 hasta las 22:00.<\/p>\n<p>Para m\u00e1s detalles sobre el mapa y la frecuencia de paso, puedes consultar la p\u00e1gina web de\u00a0<a href=\"https:\/\/movilidad.vectalia.es\/lineas-regulares\/elche-parque-empresarial-torrellano-aeropuerto-el-altet-arenales-del-sol\/#horario=46&amp;sentido=1\"><strong>Vectalia l\u00ednea 1 Aeropuerto<\/strong><\/a>\u00a0y\u00a0<a href=\"https:\/\/alicante.vectalia.es\/linea\/linea-c-6alicante-aeropuerto\/#linea=C-6\">Vectalia l\u00ednea C6<\/a>. Si necesitas confirmar horarios, puedes llamar al tel\u00e9fono de atenci\u00f3n al cliente de la estaci\u00f3n de autob\u00fases de Elche 965 45 33 62 o escribir al correo\u00a0<strong><a class=\"mail-link\" data-enc-email=\"pyvragrf.rykebqnyvn[at]irpgnyvn.rf\" data-wpel-link=\"ignore\"><span id=\"eeb-449432-975298\">molla@vectalia.es<\/span><\/a><\/strong>.<\/p>\n<\/div>\n<\/div>\n<p>[\/et_pb_text][\/et_pb_column][et_pb_column type=&#8221;1_2&#8243; _builder_version=&#8221;4.16&#8243; _module_preset=&#8221;default&#8221; custom_padding=&#8221;|||&#8221; global_colors_info=&#8221;{}&#8221; custom_padding__hover=&#8221;|||&#8221;][et_pb_icon font_icon=&#8221;&#xf239;||fa||900&#8243; icon_color=&#8221;#0373a3&#8243; icon_width=&#8221;40px&#8221; align=&#8221;left&#8221; _builder_version=&#8221;4.17.4&#8243; _module_preset=&#8221;default&#8221; global_colors_info=&#8221;{}&#8221;][\/et_pb_icon][et_pb_text _builder_version=&#8221;4.17.4&#8243; _module_preset=&#8221;default&#8221; global_colors_info=&#8221;{}&#8221;]<\/p>\n<div class=\"et_pb_module et_pb_text et_pb_text_5  et_pb_text_align_left et_pb_bg_layout_light\">\n<div class=\"et_pb_text_inner\">\n<div class=\"et_pb_module et_pb_text et_pb_text_7  et_pb_text_align_left et_pb_bg_layout_light\">\n<div class=\"et_pb_text_inner\">\n<h4><strong>Tren<\/strong><\/h4>\n<h4><span style=\"color: #666666;font-size: 14px\">Aunque no hay una estaci\u00f3n de tren en el aeropuerto, puedes tomar la l\u00ednea C6 de autob\u00fas hasta Alicante y, desde all\u00ed, caminar unos 12 minutos hasta la estaci\u00f3n de tren de Alicante. Desde esta estaci\u00f3n, puedes tomar un tren de cercan\u00edas (l\u00ednea C1) con destino a <\/span><strong style=\"color: #666666;font-size: 14px\">Elx Parc<\/strong><span style=\"color: #666666;font-size: 14px\">\u00a0o\u00a0<\/span><strong style=\"color: #666666;font-size: 14px\">Elx Carr\u00fas<\/strong><span style=\"color: #666666;font-size: 14px\">, seg\u00fan tu destino en Elche.\u00a0<\/span><strong style=\"color: #666666;font-size: 14px\">Elx Parc<\/strong><span style=\"color: #666666;font-size: 14px\">\u00a0est\u00e1 m\u00e1s cerca del centro de la ciudad y de la Universidad Miguel Hern\u00e1ndez, mientras que\u00a0<\/span><strong style=\"color: #666666;font-size: 14px\">Elx Carr\u00fas<\/strong><span style=\"color: #666666;font-size: 14px\">\u00a0se encuentra en una zona m\u00e1s residencial. A pesar de que las estaciones de tren est\u00e1n en diferentes puntos, ambas est\u00e1n relativamente cerca, a unos 16 minutos a pie entre ellas.\u00a0 El trayecto tiene una duraci\u00f3n de entre 30 y 40 minutos, con un precio aproximado de 2,70 euros. El servicio de trenes est\u00e1 disponible entre las 5:45 y las 22:30.\u00a0Para consultar\u00a0<\/span><a style=\"font-size: 14px\" href=\"https:\/\/www.renfe.com\/es\/es\/cercanias\/cercanias-murcia-alicante\/tarifas\/billetes\">precios<\/a><span style=\"color: #666666;font-size: 14px\">\u00a0y\u00a0<\/span><a style=\"font-size: 14px\" href=\"https:\/\/www.renfe.com\/es\/es\/cercanias\/cercanias-murcia-alicante\/horarios-cercanias-murcia-alicante\">horarios<\/a><span style=\"color: #666666;font-size: 14px\">, puedes visitar la p\u00e1gina web de\u00a0<\/span><a style=\"font-size: 14px\" href=\"https:\/\/www.renfe.com\/es\/es\">Renfe<\/a><span style=\"color: #666666;font-size: 14px\">.<\/span><\/h4>\n<\/div>\n<\/div>\n<\/div>\n<\/div>\n<p>[\/et_pb_text][\/et_pb_column][\/et_pb_row][\/et_pb_section][et_pb_section fb_built=&#8221;1&#8243; admin_label=&#8221;Features&#8221; module_id=&#8221;sede&#8221; _builder_version=&#8221;4.17.4&#8243; _module_preset=&#8221;default&#8221; background_color=&#8221;#ffffff&#8221; custom_margin=&#8221;||||false|false&#8221; custom_padding=&#8221;5px|0px|5px|0px||&#8221; locked=&#8221;off&#8221; global_colors_info=&#8221;{}&#8221;][et_pb_row _builder_version=&#8221;4.16&#8243; _module_preset=&#8221;default&#8221; custom_padding=&#8221;27px|0px|27px|0px&#8221; global_colors_info=&#8221;{}&#8221;][et_pb_column type=&#8221;4_4&#8243; _builder_version=&#8221;4.16&#8243; _module_preset=&#8221;default&#8221; custom_padding=&#8221;|||&#8221; global_colors_info=&#8221;{}&#8221; custom_padding__hover=&#8221;|||&#8221;][et_pb_text _builder_version=&#8221;4.17.4&#8243; _module_preset=&#8221;default&#8221; text_font=&#8221;||||||||&#8221; text_font_size=&#8221;16px&#8221; text_line_height=&#8221;1.8em&#8221; header_font=&#8221;||||||||&#8221; header_2_font=&#8221;Poppins||||||||&#8221; header_2_font_size=&#8221;28px&#8221; header_2_line_height=&#8221;1.4em&#8221; header_3_font=&#8221;||||||||&#8221; text_orientation=&#8221;center&#8221; max_width=&#8221;700px&#8221; module_alignment=&#8221;center&#8221; global_colors_info=&#8221;{}&#8221;]<\/p>\n<h2>Sede<\/h2>\n<p>[\/et_pb_text][et_pb_divider color=&#8221;#0099aa&#8221; divider_weight=&#8221;1px&#8221; _builder_version=&#8221;4.17.4&#8243; _module_preset=&#8221;default&#8221; global_colors_info=&#8221;{}&#8221;][\/et_pb_divider][\/et_pb_column][\/et_pb_row][et_pb_row _builder_version=&#8221;4.16&#8243; _module_preset=&#8221;default&#8221; custom_padding=&#8221;||0px|||&#8221; global_colors_info=&#8221;{}&#8221;][et_pb_column type=&#8221;4_4&#8243; _builder_version=&#8221;4.16&#8243; _module_preset=&#8221;default&#8221; custom_padding=&#8221;|||&#8221; global_colors_info=&#8221;{}&#8221; custom_padding__hover=&#8221;|||&#8221;][et_pb_text _builder_version=&#8221;4.17.4&#8243; _module_preset=&#8221;default&#8221; text_font=&#8221;||||||||&#8221; text_font_size=&#8221;16px&#8221; text_line_height=&#8221;1.8em&#8221; header_font=&#8221;||||||||&#8221; header_2_font=&#8221;Poppins||||||||&#8221; header_2_font_size=&#8221;28px&#8221; header_2_line_height=&#8221;1.4em&#8221; header_3_font=&#8221;||||||||&#8221; text_orientation=&#8221;center&#8221; max_width=&#8221;700px&#8221; module_alignment=&#8221;left&#8221; custom_margin=&#8221;||||false|false&#8221; global_colors_info=&#8221;{}&#8221;]<\/p>\n<h2>Edificio Valona<\/h2>\n<p>[\/et_pb_text][\/et_pb_column][\/et_pb_row][et_pb_row column_structure=&#8221;3_5,2_5&#8243; _builder_version=&#8221;4.16&#8243; _module_preset=&#8221;default&#8221; custom_margin=&#8221;2px|auto||auto||&#8221; custom_padding=&#8221;11px|||||&#8221; global_colors_info=&#8221;{}&#8221;][et_pb_column type=&#8221;3_5&#8243; _builder_version=&#8221;4.16&#8243; _module_preset=&#8221;default&#8221; custom_padding=&#8221;|||&#8221; global_colors_info=&#8221;{}&#8221; custom_padding__hover=&#8221;|||&#8221;][et_pb_text _builder_version=&#8221;4.17.4&#8243; _module_preset=&#8221;default&#8221; global_colors_info=&#8221;{}&#8221;]<\/p>\n<p>La sede de las <em><strong>III Jornadas Internacionales InTeO<\/strong><\/em> se encuentra en el Edificio Valona, ubicado en la zona 6.4 del campus de la Universidad Miguel Hern\u00e1ndez, en Elche, Alicante. Este moderno edificio, de casi 5000 metros cuadrados, integra espacios culturales y acad\u00e9micos. Acoge la Unidad de Cultura y la Escuela de Doctorado, e incluye varias salas de exposiciones y una cinemateca, dirigidas tanto a la comunidad universitaria como al p\u00fablico en general.<\/p>\n<p>Adem\u00e1s, el edificio cuenta con espacios polivalentes para cursos de formaci\u00f3n y postgrado, as\u00ed como para actividades de divulgaci\u00f3n cient\u00edfica, congresos y reuniones. Dispone de una sala de grados para la lectura de tesis doctorales, ubicada junto a la Escuela de Doctorado. Tambi\u00e9n cuenta con terrazas accesibles, pensadas tanto para exposiciones como para formaci\u00f3n al aire libre. En su \u00faltima planta, se ha habilitado una sala de comedor, que funcionara como catering o restaurante.<\/p>\n<p>[\/et_pb_text][et_pb_image src=&#8221;https:\/\/3joint-inteo.umh.es\/files\/2025\/10\/Google_Maps_Logo_2020.svg.png&#8221; title_text=&#8221;Edificio Valona &#8211; C\u00f3mo llegar&#8221; url=&#8221;https:\/\/maps.app.goo.gl\/bxUYfwSk6DVnfHbb9&#8243; url_new_window=&#8221;on&#8221; _builder_version=&#8221;4.17.4&#8243; _module_preset=&#8221;default&#8221; width=&#8221;15%&#8221; hover_enabled=&#8221;0&#8243; global_colors_info=&#8221;{}&#8221; sticky_enabled=&#8221;0&#8243;][\/et_pb_image][\/et_pb_column][et_pb_column type=&#8221;2_5&#8243; _builder_version=&#8221;4.16&#8243; _module_preset=&#8221;default&#8221; custom_padding=&#8221;|||&#8221; global_colors_info=&#8221;{}&#8221; custom_padding__hover=&#8221;|||&#8221;][et_pb_image src=&#8221;https:\/\/3joint-inteo.umh.es\/files\/2025\/06\/EdificioValonaUMH.jpg&#8221; title_text=&#8221;EdificioValonaUMH&#8221; _builder_version=&#8221;4.17.4&#8243; _module_preset=&#8221;default&#8221; global_colors_info=&#8221;{}&#8221;][\/et_pb_image][\/et_pb_column][\/et_pb_row][et_pb_row _builder_version=&#8221;4.16&#8243; _module_preset=&#8221;default&#8221; custom_padding=&#8221;11px||0px|||&#8221; global_colors_info=&#8221;{}&#8221;][et_pb_column type=&#8221;4_4&#8243; _builder_version=&#8221;4.16&#8243; _module_preset=&#8221;default&#8221; custom_padding=&#8221;|||&#8221; global_colors_info=&#8221;{}&#8221; custom_padding__hover=&#8221;|||&#8221;][et_pb_divider color=&#8221;#0099aa&#8221; divider_weight=&#8221;1px&#8221; _builder_version=&#8221;4.17.4&#8243; _module_preset=&#8221;default&#8221; global_colors_info=&#8221;{}&#8221;][\/et_pb_divider][\/et_pb_column][\/et_pb_row][et_pb_row column_structure=&#8221;1_4,1_4,1_4,1_4&#8243; _builder_version=&#8221;4.17.4&#8243; _module_preset=&#8221;default&#8221; custom_margin=&#8221;||20px||false|false&#8221; custom_padding=&#8221;11px||0px|||&#8221; global_colors_info=&#8221;{}&#8221;][et_pb_column type=&#8221;1_4&#8243; _builder_version=&#8221;4.16&#8243; _module_preset=&#8221;default&#8221; custom_padding=&#8221;|||&#8221; global_colors_info=&#8221;{}&#8221; custom_padding__hover=&#8221;|||&#8221;][et_pb_image src=&#8221;https:\/\/3joint-inteo.umh.es\/files\/2025\/06\/CHM-Edificio-Valona-1_8-1024&#215;576-1.jpeg&#8221; title_text=&#8221;CHM-Edificio-Valona-1_8-1024&#215;576-1&#8243; _builder_version=&#8221;4.17.4&#8243; _module_preset=&#8221;default&#8221; global_colors_info=&#8221;{}&#8221;][\/et_pb_image][\/et_pb_column][et_pb_column type=&#8221;1_4&#8243; _builder_version=&#8221;4.16&#8243; _module_preset=&#8221;default&#8221; custom_padding=&#8221;|||&#8221; global_colors_info=&#8221;{}&#8221; custom_padding__hover=&#8221;|||&#8221;][et_pb_image src=&#8221;https:\/\/3joint-inteo.umh.es\/files\/2025\/06\/PXL_20230905_094837460-1024&#215;768-1.jpg&#8221; title_text=&#8221;PXL_20230905_094837460-1024&#215;768-1&#8243; _builder_version=&#8221;4.17.4&#8243; _module_preset=&#8221;default&#8221; global_colors_info=&#8221;{}&#8221;][\/et_pb_image][\/et_pb_column][et_pb_column type=&#8221;1_4&#8243; _builder_version=&#8221;4.16&#8243; _module_preset=&#8221;default&#8221; custom_padding=&#8221;|||&#8221; global_colors_info=&#8221;{}&#8221; custom_padding__hover=&#8221;|||&#8221;][et_pb_image src=&#8221;https:\/\/3joint-inteo.umh.es\/files\/2025\/06\/PXL_20230905_091621013-1024&#215;768-1.jpg&#8221; title_text=&#8221;PXL_20230905_091621013-1024&#215;768-1&#8243; _builder_version=&#8221;4.17.4&#8243; _module_preset=&#8221;default&#8221; global_colors_info=&#8221;{}&#8221;][\/et_pb_image][\/et_pb_column][et_pb_column type=&#8221;1_4&#8243; _builder_version=&#8221;4.16&#8243; _module_preset=&#8221;default&#8221; custom_padding=&#8221;|||&#8221; global_colors_info=&#8221;{}&#8221; custom_padding__hover=&#8221;|||&#8221;][et_pb_image src=&#8221;https:\/\/3joint-inteo.umh.es\/files\/2025\/06\/7f2249cc-9c81-4d81-abd9-fd339120a316-768&#215;1024-1.jpg&#8221; title_text=&#8221;7f2249cc-9c81-4d81-abd9-fd339120a316-768&#215;1024-1&#8243; _builder_version=&#8221;4.17.4&#8243; _module_preset=&#8221;default&#8221; global_colors_info=&#8221;{}&#8221;][\/et_pb_image][\/et_pb_column][\/et_pb_row][\/et_pb_section][et_pb_section fb_built=&#8221;1&#8243; admin_label=&#8221;Features&#8221; module_id=&#8221;alojamiento&#8221; _builder_version=&#8221;4.17.4&#8243; _module_preset=&#8221;default&#8221; background_color=&#8221;#fcfcfc&#8221; custom_margin=&#8221;||||false|false&#8221; custom_padding=&#8221;5px|0px|40px|0px||&#8221; locked=&#8221;off&#8221; global_colors_info=&#8221;{}&#8221;][et_pb_row _builder_version=&#8221;4.16&#8243; _module_preset=&#8221;default&#8221; custom_padding=&#8221;27px|0px|27px|0px&#8221; global_colors_info=&#8221;{}&#8221;][et_pb_column type=&#8221;4_4&#8243; _builder_version=&#8221;4.16&#8243; _module_preset=&#8221;default&#8221; custom_padding=&#8221;|||&#8221; global_colors_info=&#8221;{}&#8221; custom_padding__hover=&#8221;|||&#8221;][et_pb_text _builder_version=&#8221;4.17.4&#8243; _module_preset=&#8221;default&#8221; text_font=&#8221;||||||||&#8221; text_font_size=&#8221;16px&#8221; text_line_height=&#8221;1.8em&#8221; header_font=&#8221;||||||||&#8221; header_2_font=&#8221;Poppins||||||||&#8221; header_2_font_size=&#8221;28px&#8221; header_2_line_height=&#8221;1.4em&#8221; header_3_font=&#8221;||||||||&#8221; text_orientation=&#8221;center&#8221; max_width=&#8221;700px&#8221; module_alignment=&#8221;center&#8221; global_colors_info=&#8221;{}&#8221;]<\/p>\n<h2>Alojamiento<\/h2>\n<p>[\/et_pb_text][et_pb_divider color=&#8221;#0099aa&#8221; divider_weight=&#8221;1px&#8221; _builder_version=&#8221;4.17.4&#8243; _module_preset=&#8221;default&#8221; global_colors_info=&#8221;{}&#8221;][\/et_pb_divider][\/et_pb_column][\/et_pb_row][et_pb_row _builder_version=&#8221;4.16&#8243; _module_preset=&#8221;default&#8221; custom_padding=&#8221;||0px|||&#8221; global_colors_info=&#8221;{}&#8221;][et_pb_column type=&#8221;4_4&#8243; _builder_version=&#8221;4.16&#8243; _module_preset=&#8221;default&#8221; custom_padding=&#8221;|||&#8221; global_colors_info=&#8221;{}&#8221; custom_padding__hover=&#8221;|||&#8221;][et_pb_text _builder_version=&#8221;4.17.4&#8243; _module_preset=&#8221;default&#8221; text_font=&#8221;||||||||&#8221; text_font_size=&#8221;16px&#8221; text_line_height=&#8221;1.8em&#8221; header_font=&#8221;||||||||&#8221; header_2_font=&#8221;Poppins||||||||&#8221; header_2_font_size=&#8221;28px&#8221; header_2_line_height=&#8221;1.4em&#8221; header_3_font=&#8221;||||||||&#8221; text_orientation=&#8221;center&#8221; max_width=&#8221;700px&#8221; module_alignment=&#8221;left&#8221; custom_margin=&#8221;||||false|false&#8221; global_colors_info=&#8221;{}&#8221;]<\/p>\n<h2>Lista de alojamientos<\/h2>\n<p>[\/et_pb_text][\/et_pb_column][\/et_pb_row][et_pb_row column_structure=&#8221;1_2,1_2&#8243; use_custom_gutter=&#8221;on&#8221; gutter_width=&#8221;1&#8243; _builder_version=&#8221;4.17.4&#8243; _module_preset=&#8221;default&#8221; custom_margin=&#8221;|||&#8221; custom_padding=&#8221;0px||30px||false|false&#8221; locked=&#8221;off&#8221; global_colors_info=&#8221;{}&#8221;][et_pb_column type=&#8221;1_2&#8243; _builder_version=&#8221;4.16&#8243; _module_preset=&#8221;default&#8221; custom_padding=&#8221;5%|||&#8221; global_colors_info=&#8221;{}&#8221; custom_padding__hover=&#8221;|||&#8221;][et_pb_image src=&#8221;https:\/\/3joint-inteo.umh.es\/files\/2025\/06\/MeliaElche.jpg&#8221; title_text=&#8221;MeliaElche&#8221; force_fullwidth=&#8221;on&#8221; align_tablet=&#8221;center&#8221; align_phone=&#8221;center&#8221; align_last_edited=&#8221;on|desktop&#8221; _builder_version=&#8221;4.17.4&#8243; _module_preset=&#8221;default&#8221; animation_style=&#8221;slide&#8221; animation_direction=&#8221;top&#8221; animation_intensity_slide=&#8221;10%&#8221; animation_starting_opacity=&#8221;100%&#8221; global_colors_info=&#8221;{}&#8221;][\/et_pb_image][\/et_pb_column][et_pb_column type=&#8221;1_2&#8243; _builder_version=&#8221;4.17.4&#8243; _module_preset=&#8221;default&#8221; background_enable_image=&#8221;off&#8221; background_size=&#8221;initial&#8221; background_position=&#8221;bottom_center&#8221; custom_padding=&#8221;||100px|&#8221; global_colors_info=&#8221;{}&#8221; custom_padding__hover=&#8221;|||&#8221;][et_pb_text _builder_version=&#8221;4.17.4&#8243; _module_preset=&#8221;default&#8221; text_font=&#8221;||||||||&#8221; text_text_color=&#8221;#7e7f94&#8243; text_line_height=&#8221;1.9em&#8221; header_font=&#8221;||||||||&#8221; header_2_font=&#8221;|600|||||||&#8221; header_2_text_color=&#8221;#7272ff&#8221; header_2_font_size=&#8221;19px&#8221; header_4_font=&#8221;Merriweather|700|||||||&#8221; header_4_text_color=&#8221;#4646c4&#8243; header_4_font_size=&#8221;20px&#8221; header_4_line_height=&#8221;1.7em&#8221; background_color=&#8221;#f5f9fb&#8221; background_enable_image=&#8221;off&#8221; text_orientation=&#8221;center&#8221; custom_margin=&#8221;|||&#8221; custom_padding=&#8221;60px|40px|60px|40px&#8221; animation_style=&#8221;slide&#8221; animation_direction=&#8221;bottom&#8221; animation_intensity_slide=&#8221;20%&#8221; animation_starting_opacity=&#8221;100%&#8221; global_colors_info=&#8221;{}&#8221;]<\/p>\n<h4><strong>Meli\u00e0 Elche<\/strong><\/h4>\n<p>Ubicado en el centro de Elche, este hotel est\u00e1 perfectamente comunicado con el aeropuerto y la estaci\u00f3n de tren. Adem\u00e1s, est\u00e1 cerca de los mejores restaurantes, lugares de moda y puntos tur\u00edsticos como la Bas\u00edlica Santa Mar\u00eda y los Jardines Huerto del Cura.<\/p>\n<p>Para ver m\u00e1s detalles sobre el hotel, visita:\u00a0<a href=\"https:\/\/www.melia.com\/es\/hoteles\/espana\/elche\/hotel-elche-centro-by-melia?esl-k=sem-google%7Cng%7Cc676052874424%7Cmp%7Ckhotel%20elche%20centro%20melia%7Cp%7Ct%7Cdc%7Ca134023310612%7Cg14891490202&amp;&amp;gad_source=1&amp;gclid=EAIaIQobChMI5fX0kbuYiwMVdWhBAh0xzxk4EAAYASAAEgIH6_D_BwE&amp;gclsrc=aw.ds\">Hotel Melia Elche<\/a><\/p>\n<p>&nbsp;<\/p>\n<p><strong>Descuento por asistencia a las jornadas: <\/strong><strong>15%<\/strong><\/p>\n<p>Para saber las condiciones del descuento y obtener el c\u00f3digo contactar con <a href=\"mailto:inteo@umh.es\">inteo@umh.es<\/a><\/p>\n<p>[\/et_pb_text][\/et_pb_column][\/et_pb_row][et_pb_row column_structure=&#8221;1_2,1_2&#8243; use_custom_gutter=&#8221;on&#8221; gutter_width=&#8221;1&#8243; _builder_version=&#8221;4.17.4&#8243; _module_preset=&#8221;default&#8221; custom_margin=&#8221;|||&#8221; custom_padding=&#8221;0px||30px||false|false&#8221; locked=&#8221;off&#8221; global_colors_info=&#8221;{}&#8221;][et_pb_column type=&#8221;1_2&#8243; _builder_version=&#8221;4.16&#8243; _module_preset=&#8221;default&#8221; custom_padding=&#8221;5%|||&#8221; global_colors_info=&#8221;{}&#8221; custom_padding__hover=&#8221;|||&#8221;][et_pb_image src=&#8221;https:\/\/3joint-inteo.umh.es\/files\/2025\/06\/IbisElche.jpg&#8221; title_text=&#8221;exterior night&#8221; force_fullwidth=&#8221;on&#8221; align_tablet=&#8221;center&#8221; align_phone=&#8221;center&#8221; align_last_edited=&#8221;on|desktop&#8221; _builder_version=&#8221;4.17.4&#8243; _module_preset=&#8221;default&#8221; animation_style=&#8221;slide&#8221; animation_direction=&#8221;top&#8221; animation_intensity_slide=&#8221;10%&#8221; animation_starting_opacity=&#8221;100%&#8221; global_colors_info=&#8221;{}&#8221;][\/et_pb_image][\/et_pb_column][et_pb_column type=&#8221;1_2&#8243; _builder_version=&#8221;4.17.4&#8243; _module_preset=&#8221;default&#8221; background_enable_image=&#8221;off&#8221; background_size=&#8221;initial&#8221; background_position=&#8221;bottom_center&#8221; custom_padding=&#8221;||100px|&#8221; global_colors_info=&#8221;{}&#8221; custom_padding__hover=&#8221;|||&#8221;][et_pb_text _builder_version=&#8221;4.17.4&#8243; _module_preset=&#8221;default&#8221; text_font=&#8221;||||||||&#8221; text_text_color=&#8221;#7e7f94&#8243; text_font_size=&#8221;13px&#8221; text_line_height=&#8221;1.9em&#8221; header_font=&#8221;||||||||&#8221; header_2_font=&#8221;|600|||||||&#8221; header_2_text_color=&#8221;#7272ff&#8221; header_2_font_size=&#8221;19px&#8221; header_4_font=&#8221;Merriweather|700|||||||&#8221; header_4_text_color=&#8221;#4646c4&#8243; header_4_font_size=&#8221;20px&#8221; header_4_line_height=&#8221;1.7em&#8221; background_color=&#8221;#f5f9fb&#8221; background_enable_image=&#8221;off&#8221; text_orientation=&#8221;center&#8221; custom_margin=&#8221;|||&#8221; custom_padding=&#8221;60px|40px|60px|40px&#8221; animation_style=&#8221;slide&#8221; animation_direction=&#8221;bottom&#8221; animation_intensity_slide=&#8221;20%&#8221; animation_starting_opacity=&#8221;100%&#8221; global_colors_info=&#8221;{}&#8221;]<\/p>\n<h4>ibis Elche<\/h4>\n<p>Ubicado cerca de puntos de inter\u00e9s como El Palmeral de Elche y los Ba\u00f1os \u00c1rabes. Tambi\u00e9n ofrece aparcamiento y est\u00e1 cerca de bares y restaurantes.<\/p>\n<p>Para m\u00e1s informaci\u00f3n o cualquier consulta adicional, puede visitar la\u00a0<a href=\"https:\/\/all.accor.com\/hotel\/5236\/index.es.shtml?sourceid=101291701-10925976-WT27247421x55510236x&amp;merchantid=RT-IE000010-&amp;clickid=0a514a9cdd7211ef83a6f9c70a18b8fb\">p\u00e1gina web<\/a>.<\/p>\n<p>&nbsp;<\/p>\n<p><strong>Descuento por asistencia a las jornadas: <\/strong><strong>15%<\/strong><\/p>\n<p>Para saber las condiciones del descuento y obtener el c\u00f3digo contactar con <a href=\"mailto:inteo@umh.es\">inteo@umh.es<\/a><\/p>\n<p>[\/et_pb_text][\/et_pb_column][\/et_pb_row][et_pb_row column_structure=&#8221;1_2,1_2&#8243; use_custom_gutter=&#8221;on&#8221; gutter_width=&#8221;1&#8243; _builder_version=&#8221;4.17.4&#8243; _module_preset=&#8221;default&#8221; custom_margin=&#8221;|||&#8221; custom_padding=&#8221;0px||30px||false|false&#8221; locked=&#8221;off&#8221; global_colors_info=&#8221;{}&#8221;][et_pb_column type=&#8221;1_2&#8243; _builder_version=&#8221;4.16&#8243; _module_preset=&#8221;default&#8221; custom_padding=&#8221;5%|||&#8221; global_colors_info=&#8221;{}&#8221; custom_padding__hover=&#8221;|||&#8221;][et_pb_image src=&#8221;https:\/\/3joint-inteo.umh.es\/files\/2025\/06\/Portalelche.jpg&#8221; title_text=&#8221;Portalelche&#8221; force_fullwidth=&#8221;on&#8221; align_tablet=&#8221;center&#8221; align_phone=&#8221;center&#8221; align_last_edited=&#8221;on|desktop&#8221; _builder_version=&#8221;4.17.4&#8243; _module_preset=&#8221;default&#8221; animation_style=&#8221;slide&#8221; animation_direction=&#8221;top&#8221; animation_intensity_slide=&#8221;10%&#8221; animation_starting_opacity=&#8221;100%&#8221; global_colors_info=&#8221;{}&#8221;][\/et_pb_image][\/et_pb_column][et_pb_column type=&#8221;1_2&#8243; _builder_version=&#8221;4.17.4&#8243; _module_preset=&#8221;default&#8221; background_enable_image=&#8221;off&#8221; background_size=&#8221;initial&#8221; background_position=&#8221;bottom_center&#8221; custom_padding=&#8221;||100px|&#8221; global_colors_info=&#8221;{}&#8221; custom_padding__hover=&#8221;|||&#8221;][et_pb_text _builder_version=&#8221;4.17.4&#8243; _module_preset=&#8221;default&#8221; text_font=&#8221;||||||||&#8221; text_text_color=&#8221;#7e7f94&#8243; text_font_size=&#8221;13px&#8221; text_line_height=&#8221;1.9em&#8221; header_font=&#8221;||||||||&#8221; header_2_font=&#8221;|600|||||||&#8221; header_2_text_color=&#8221;#7272ff&#8221; header_2_font_size=&#8221;19px&#8221; header_4_font=&#8221;Merriweather|700|||||||&#8221; header_4_text_color=&#8221;#4646c4&#8243; header_4_font_size=&#8221;20px&#8221; header_4_line_height=&#8221;1.7em&#8221; background_color=&#8221;#f5f9fb&#8221; background_enable_image=&#8221;off&#8221; text_orientation=&#8221;center&#8221; custom_margin=&#8221;|||&#8221; custom_padding=&#8221;60px|40px|60px|40px&#8221; animation_style=&#8221;slide&#8221; animation_direction=&#8221;bottom&#8221; animation_intensity_slide=&#8221;20%&#8221; animation_starting_opacity=&#8221;100%&#8221; global_colors_info=&#8221;{}&#8221;]<\/p>\n<h4 style=\"text-align: center\">Hoteles de la cadena Portelche<\/h4>\n<p style=\"text-align: center\"><strong>Huerto del Cura<\/strong><\/p>\n<p style=\"text-align: center\"><strong>Port Jard\u00edn Milenio<\/strong><\/p>\n<p style=\"text-align: center\"><strong>Port Elche<\/strong><\/p>\n<p style=\"text-align: center\">Las reservas pueden realizarse a trav\u00e9s de este\u00a0<a href=\"https:\/\/www.porthotels.es\/port-jardin-milenio.html\" target=\"_blank\" rel=\"noopener\" data-saferedirecturl=\"https:\/\/www.google.com\/url?q=https:\/\/www.porthotels.es\/port-jardin-milenio.html&amp;source=gmail&amp;ust=1740816543897000&amp;usg=AOvVaw1LxRIXS4quYKCexr1jlK87\">enlace<\/a>.<\/p>\n<p>&nbsp;<\/p>\n<p><strong>Descuento por asistencia a las jornadas: 2<\/strong><strong>5%<\/strong><\/p>\n<p>Para saber las condiciones del descuento y obtener el c\u00f3digo contactar con <a href=\"mailto:inteo@umh.es\">inteo@umh.es<\/a><\/p>\n<p>[\/et_pb_text][\/et_pb_column][\/et_pb_row][et_pb_row column_structure=&#8221;1_2,1_2&#8243; use_custom_gutter=&#8221;on&#8221; gutter_width=&#8221;1&#8243; _builder_version=&#8221;4.17.4&#8243; _module_preset=&#8221;default&#8221; custom_margin=&#8221;|||&#8221; custom_padding=&#8221;0px||30px||false|false&#8221; locked=&#8221;off&#8221; global_colors_info=&#8221;{}&#8221;][et_pb_column type=&#8221;1_2&#8243; _builder_version=&#8221;4.16&#8243; _module_preset=&#8221;default&#8221; custom_padding=&#8221;5%|||&#8221; global_colors_info=&#8221;{}&#8221; custom_padding__hover=&#8221;|||&#8221;][et_pb_image src=&#8221;https:\/\/3joint-inteo.umh.es\/files\/2025\/06\/YITElche.jpg&#8221; title_text=&#8221;YITElche&#8221; force_fullwidth=&#8221;on&#8221; align_tablet=&#8221;center&#8221; align_phone=&#8221;center&#8221; align_last_edited=&#8221;on|desktop&#8221; _builder_version=&#8221;4.17.4&#8243; _module_preset=&#8221;default&#8221; animation_style=&#8221;slide&#8221; animation_direction=&#8221;top&#8221; animation_intensity_slide=&#8221;10%&#8221; animation_starting_opacity=&#8221;100%&#8221; global_colors_info=&#8221;{}&#8221;][\/et_pb_image][\/et_pb_column][et_pb_column type=&#8221;1_2&#8243; _builder_version=&#8221;4.17.4&#8243; _module_preset=&#8221;default&#8221; background_enable_image=&#8221;off&#8221; background_size=&#8221;initial&#8221; background_position=&#8221;bottom_center&#8221; custom_padding=&#8221;||100px|&#8221; global_colors_info=&#8221;{}&#8221; custom_padding__hover=&#8221;|||&#8221;][et_pb_text _builder_version=&#8221;4.17.4&#8243; _module_preset=&#8221;default&#8221; text_font=&#8221;||||||||&#8221; text_text_color=&#8221;#7e7f94&#8243; text_font_size=&#8221;13px&#8221; text_line_height=&#8221;1.9em&#8221; header_font=&#8221;||||||||&#8221; header_2_font=&#8221;|600|||||||&#8221; header_2_text_color=&#8221;#7272ff&#8221; header_2_font_size=&#8221;19px&#8221; header_4_font=&#8221;Merriweather|700|||||||&#8221; header_4_text_color=&#8221;#4646c4&#8243; header_4_font_size=&#8221;20px&#8221; header_4_line_height=&#8221;1.7em&#8221; background_color=&#8221;#f5f9fb&#8221; background_enable_image=&#8221;off&#8221; text_orientation=&#8221;center&#8221; custom_margin=&#8221;|||&#8221; custom_padding=&#8221;60px|40px|60px|40px&#8221; animation_style=&#8221;slide&#8221; animation_direction=&#8221;bottom&#8221; animation_intensity_slide=&#8221;20%&#8221; animation_starting_opacity=&#8221;100%&#8221; global_colors_info=&#8221;{}&#8221;]<\/p>\n<h4>YIT Ciudad de Elche<\/h4>\n<p>El hotel est\u00e1 ubicado a tan solo dos calles de la parada de autob\u00fas que conecta con el centro y lugares de inter\u00e9s como el Palmeral de Elche.<\/p>\n<p><strong>Descuento por asistencia a las jornadas: 3<\/strong><strong>%<\/strong><\/p>\n<p>Para m\u00e1s informaci\u00f3n o consultas, visita la\u00a0<a href=\"https:\/\/www.hotelciudaddeelche.com\/\" target=\"_new\" rel=\"noopener\">p\u00e1gina web de YIT Ciudad de Elche<\/a>\u00a0o contacta directamente con el hotel.<\/p>\n<p>[\/et_pb_text][\/et_pb_column][\/et_pb_row][et_pb_row column_structure=&#8221;1_2,1_2&#8243; use_custom_gutter=&#8221;on&#8221; gutter_width=&#8221;1&#8243; _builder_version=&#8221;4.17.4&#8243; _module_preset=&#8221;default&#8221; custom_margin=&#8221;|||&#8221; custom_padding=&#8221;0px||30px||false|false&#8221; locked=&#8221;off&#8221; global_colors_info=&#8221;{}&#8221;][et_pb_column type=&#8221;1_2&#8243; _builder_version=&#8221;4.16&#8243; _module_preset=&#8221;default&#8221; custom_padding=&#8221;5%|||&#8221; global_colors_info=&#8221;{}&#8221; custom_padding__hover=&#8221;|||&#8221;][et_pb_image src=&#8221;https:\/\/3joint-inteo.umh.es\/files\/2025\/06\/BBElche.jpg&#8221; title_text=&#8221;B&amp;BElche&#8221; force_fullwidth=&#8221;on&#8221; align_tablet=&#8221;center&#8221; align_phone=&#8221;center&#8221; align_last_edited=&#8221;on|desktop&#8221; _builder_version=&#8221;4.17.4&#8243; _module_preset=&#8221;default&#8221; animation_style=&#8221;slide&#8221; animation_direction=&#8221;top&#8221; animation_intensity_slide=&#8221;10%&#8221; animation_starting_opacity=&#8221;100%&#8221; global_colors_info=&#8221;{}&#8221;][\/et_pb_image][\/et_pb_column][et_pb_column type=&#8221;1_2&#8243; _builder_version=&#8221;4.17.4&#8243; _module_preset=&#8221;default&#8221; background_enable_image=&#8221;off&#8221; background_size=&#8221;initial&#8221; background_position=&#8221;bottom_center&#8221; custom_padding=&#8221;||100px|&#8221; global_colors_info=&#8221;{}&#8221; custom_padding__hover=&#8221;|||&#8221;][et_pb_text _builder_version=&#8221;4.17.4&#8243; _module_preset=&#8221;default&#8221; text_font=&#8221;||||||||&#8221; text_text_color=&#8221;#7e7f94&#8243; text_font_size=&#8221;13px&#8221; text_line_height=&#8221;1.9em&#8221; header_font=&#8221;||||||||&#8221; header_2_font=&#8221;|600|||||||&#8221; header_2_text_color=&#8221;#7272ff&#8221; header_2_font_size=&#8221;19px&#8221; header_4_font=&#8221;Merriweather|700|||||||&#8221; header_4_text_color=&#8221;#4646c4&#8243; header_4_font_size=&#8221;20px&#8221; header_4_line_height=&#8221;1.7em&#8221; background_color=&#8221;#f5f9fb&#8221; background_enable_image=&#8221;off&#8221; text_orientation=&#8221;center&#8221; custom_margin=&#8221;|||&#8221; custom_padding=&#8221;60px|40px|60px|40px&#8221; animation_style=&#8221;slide&#8221; animation_direction=&#8221;bottom&#8221; animation_intensity_slide=&#8221;20%&#8221; animation_starting_opacity=&#8221;100%&#8221; global_colors_info=&#8221;{}&#8221;]<\/p>\n<h4>B&amp;B Hotel Elche<\/h4>\n<p>Ofrece una ubicaci\u00f3n a solo 7 minutos en coche del centro de Elche y cerca de lugares clave como la Universidad Miguel Hern\u00e1ndez, el aeropuerto y las playas de Elche.<\/p>\n<p>Para m\u00e1s detalles, puedes visitar la\u00a0<a href=\"https:\/\/www.hotel-bb.com\/es\/hotel\/elche\" target=\"_new\" rel=\"noopener\">p\u00e1gina web de B&amp;B Hotel Elche<\/a>.<\/p>\n<p>&nbsp;<\/p>\n<p><strong>Descuento por asistencia a las jornadas: <\/strong><strong>15%<\/strong><\/p>\n<p>Para saber las condiciones del descuento y obtener el c\u00f3digo contactar con <a href=\"mailto:inteo@umh.es\">inteo@umh.es<\/a><\/p>\n<p>[\/et_pb_text][\/et_pb_column][\/et_pb_row][et_pb_row column_structure=&#8221;1_2,1_2&#8243; use_custom_gutter=&#8221;on&#8221; gutter_width=&#8221;1&#8243; _builder_version=&#8221;4.17.4&#8243; _module_preset=&#8221;default&#8221; custom_margin=&#8221;|||&#8221; custom_padding=&#8221;0px||30px||false|false&#8221; locked=&#8221;off&#8221; global_colors_info=&#8221;{}&#8221;][et_pb_column type=&#8221;1_2&#8243; _builder_version=&#8221;4.16&#8243; _module_preset=&#8221;default&#8221; custom_padding=&#8221;5%|||&#8221; global_colors_info=&#8221;{}&#8221; custom_padding__hover=&#8221;|||&#8221;][et_pb_image src=&#8221;https:\/\/3joint-inteo.umh.es\/files\/2025\/08\/Hort-de-Nal.jpeg&#8221; title_text=&#8221;Hort de Nal&#8221; force_fullwidth=&#8221;on&#8221; align_tablet=&#8221;center&#8221; align_phone=&#8221;center&#8221; align_last_edited=&#8221;on|desktop&#8221; _builder_version=&#8221;4.17.4&#8243; _module_preset=&#8221;default&#8221; animation_style=&#8221;slide&#8221; animation_direction=&#8221;top&#8221; animation_intensity_slide=&#8221;10%&#8221; animation_starting_opacity=&#8221;100%&#8221; global_colors_info=&#8221;{}&#8221;][\/et_pb_image][\/et_pb_column][et_pb_column type=&#8221;1_2&#8243; _builder_version=&#8221;4.17.4&#8243; _module_preset=&#8221;default&#8221; background_enable_image=&#8221;off&#8221; background_size=&#8221;initial&#8221; background_position=&#8221;bottom_center&#8221; custom_padding=&#8221;||100px|&#8221; global_colors_info=&#8221;{}&#8221; custom_padding__hover=&#8221;|||&#8221;][et_pb_text _builder_version=&#8221;4.17.4&#8243; _module_preset=&#8221;default&#8221; text_font=&#8221;||||||||&#8221; text_text_color=&#8221;#7e7f94&#8243; text_font_size=&#8221;13px&#8221; text_line_height=&#8221;1.9em&#8221; header_font=&#8221;||||||||&#8221; header_2_font=&#8221;|600|||||||&#8221; header_2_text_color=&#8221;#7272ff&#8221; header_2_font_size=&#8221;19px&#8221; header_4_font=&#8221;Merriweather|700|||||||&#8221; header_4_text_color=&#8221;#4646c4&#8243; header_4_font_size=&#8221;20px&#8221; header_4_line_height=&#8221;1.7em&#8221; background_color=&#8221;#f5f9fb&#8221; background_enable_image=&#8221;off&#8221; text_orientation=&#8221;center&#8221; custom_margin=&#8221;|||&#8221; custom_padding=&#8221;60px|40px|60px|40px&#8221; animation_style=&#8221;slide&#8221; animation_direction=&#8221;bottom&#8221; animation_intensity_slide=&#8221;20%&#8221; animation_starting_opacity=&#8221;100%&#8221; global_colors_info=&#8221;{}&#8221;]<\/p>\n<h4>Hort de Nal<\/h4>\n<p>Rodeado por el palmeral hist\u00f3rico de Elche y en el coraz\u00f3n de la ciudad. En el huerto no s\u00f3lo destacan sus palmeras originarias, tambi\u00e9n se han introducido especies vegetales t\u00edpicas de la zona mediterr\u00e1nea como granados, limoneros, naranjos\u2026<\/p>\n<p>Para m\u00e1s detalles, puedes visitar la\u00a0<a href=\"https:\/\/hortdenal.com\/\" target=\"_new\" rel=\"noopener\">p\u00e1gina web de Hort de Nal<\/a>.<\/p>\n<p>&nbsp;<\/p>\n<p><strong>Descuento por asistencia a las jornadas: <\/strong><strong>15%<\/strong><\/p>\n<p>Para saber las condiciones del descuento y obtener el c\u00f3digo contactar con <a href=\"mailto:inteo@umh.es\">inteo@umh.es<\/a><\/p>\n<p>[\/et_pb_text][\/et_pb_column][\/et_pb_row][et_pb_row column_structure=&#8221;1_2,1_2&#8243; use_custom_gutter=&#8221;on&#8221; gutter_width=&#8221;1&#8243; _builder_version=&#8221;4.17.4&#8243; _module_preset=&#8221;default&#8221; custom_margin=&#8221;|||&#8221; custom_padding=&#8221;0px||30px||false|false&#8221; locked=&#8221;off&#8221; global_colors_info=&#8221;{}&#8221;][et_pb_column type=&#8221;1_2&#8243; _builder_version=&#8221;4.16&#8243; _module_preset=&#8221;default&#8221; custom_padding=&#8221;5%|||&#8221; global_colors_info=&#8221;{}&#8221; custom_padding__hover=&#8221;|||&#8221;][et_pb_image src=&#8221;https:\/\/3joint-inteo.umh.es\/files\/2025\/06\/HostalMaria.jpg&#8221; title_text=&#8221;HostalMaria&#8221; force_fullwidth=&#8221;on&#8221; align_tablet=&#8221;center&#8221; align_phone=&#8221;center&#8221; align_last_edited=&#8221;on|desktop&#8221; _builder_version=&#8221;4.17.4&#8243; _module_preset=&#8221;default&#8221; animation_style=&#8221;slide&#8221; animation_direction=&#8221;top&#8221; animation_intensity_slide=&#8221;10%&#8221; animation_starting_opacity=&#8221;100%&#8221; global_colors_info=&#8221;{}&#8221;][\/et_pb_image][\/et_pb_column][et_pb_column type=&#8221;1_2&#8243; _builder_version=&#8221;4.17.4&#8243; _module_preset=&#8221;default&#8221; background_enable_image=&#8221;off&#8221; background_size=&#8221;initial&#8221; background_position=&#8221;bottom_center&#8221; custom_padding=&#8221;||100px|&#8221; global_colors_info=&#8221;{}&#8221; custom_padding__hover=&#8221;|||&#8221;][et_pb_text _builder_version=&#8221;4.17.4&#8243; _module_preset=&#8221;default&#8221; text_font=&#8221;||||||||&#8221; text_text_color=&#8221;#7e7f94&#8243; text_font_size=&#8221;13px&#8221; text_line_height=&#8221;1.9em&#8221; header_font=&#8221;||||||||&#8221; header_2_font=&#8221;|600|||||||&#8221; header_2_text_color=&#8221;#7272ff&#8221; header_2_font_size=&#8221;19px&#8221; header_4_font=&#8221;Merriweather|700|||||||&#8221; header_4_text_color=&#8221;#4646c4&#8243; header_4_font_size=&#8221;20px&#8221; header_4_line_height=&#8221;1.7em&#8221; background_color=&#8221;#f5f9fb&#8221; background_enable_image=&#8221;off&#8221; text_orientation=&#8221;center&#8221; custom_margin=&#8221;|||&#8221; custom_padding=&#8221;60px|40px|60px|40px&#8221; animation_style=&#8221;slide&#8221; animation_direction=&#8221;bottom&#8221; animation_intensity_slide=&#8221;20%&#8221; animation_starting_opacity=&#8221;100%&#8221; global_colors_info=&#8221;{}&#8221;]<\/p>\n<h4>Hostal Mar\u00eda<\/h4>\n<p>Este hostal se encuentra a tan solo 1 km de la estaci\u00f3n de tren de Elche y a 20 km de la playa de Santa Pola.<\/p>\n<p>Para realizar reservas o consultas, puedes ponerte en contacto a trav\u00e9s del\u00a0<strong>email<\/strong>:\u00a0<a rel=\"noopener\"><span id=\"eeb-56293-329233\">info.hostalmaria@gmail.com<\/span><\/a>\u00a0o por\u00a0<strong>WhatsApp\/Tel\u00e9fono<\/strong>: +34 653856871.<\/p>\n<p>Tambi\u00e9n puedes visitar la p\u00e1gina web para m\u00e1s informaci\u00f3n:\u00a0<a href=\"https:\/\/hostalmaria.com\/\" target=\"_new\" rel=\"noopener\">Hostal Mar\u00eda<\/a><\/p>\n<p>[\/et_pb_text][\/et_pb_column][\/et_pb_row][et_pb_row column_structure=&#8221;1_2,1_2&#8243; use_custom_gutter=&#8221;on&#8221; gutter_width=&#8221;1&#8243; _builder_version=&#8221;4.17.4&#8243; _module_preset=&#8221;default&#8221; custom_margin=&#8221;|||&#8221; custom_padding=&#8221;0px||30px||false|false&#8221; locked=&#8221;off&#8221; global_colors_info=&#8221;{}&#8221;][et_pb_column type=&#8221;1_2&#8243; _builder_version=&#8221;4.16&#8243; _module_preset=&#8221;default&#8221; custom_padding=&#8221;5%|||&#8221; global_colors_info=&#8221;{}&#8221; custom_padding__hover=&#8221;|||&#8221;][et_pb_image src=&#8221;https:\/\/3joint-inteo.umh.es\/files\/2025\/06\/HostalLaPosada.jpg&#8221; title_text=&#8221;HostalLaPosada&#8221; force_fullwidth=&#8221;on&#8221; align_tablet=&#8221;center&#8221; align_phone=&#8221;center&#8221; align_last_edited=&#8221;on|desktop&#8221; _builder_version=&#8221;4.17.4&#8243; _module_preset=&#8221;default&#8221; animation_style=&#8221;slide&#8221; animation_direction=&#8221;top&#8221; animation_intensity_slide=&#8221;10%&#8221; animation_starting_opacity=&#8221;100%&#8221; global_colors_info=&#8221;{}&#8221;][\/et_pb_image][\/et_pb_column][et_pb_column type=&#8221;1_2&#8243; _builder_version=&#8221;4.17.4&#8243; _module_preset=&#8221;default&#8221; background_enable_image=&#8221;off&#8221; background_size=&#8221;initial&#8221; background_position=&#8221;bottom_center&#8221; custom_padding=&#8221;||100px|&#8221; global_colors_info=&#8221;{}&#8221; custom_padding__hover=&#8221;|||&#8221;][et_pb_text _builder_version=&#8221;4.17.4&#8243; _module_preset=&#8221;default&#8221; text_font=&#8221;||||||||&#8221; text_text_color=&#8221;#7e7f94&#8243; text_font_size=&#8221;13px&#8221; text_line_height=&#8221;1.9em&#8221; header_font=&#8221;||||||||&#8221; header_2_font=&#8221;|600|||||||&#8221; header_2_text_color=&#8221;#7272ff&#8221; header_2_font_size=&#8221;19px&#8221; header_4_font=&#8221;Merriweather|700|||||||&#8221; header_4_text_color=&#8221;#4646c4&#8243; header_4_font_size=&#8221;20px&#8221; header_4_line_height=&#8221;1.7em&#8221; background_color=&#8221;#f5f9fb&#8221; background_enable_image=&#8221;off&#8221; text_orientation=&#8221;center&#8221; custom_margin=&#8221;|||&#8221; custom_padding=&#8221;60px|40px|60px|40px&#8221; animation_style=&#8221;slide&#8221; animation_direction=&#8221;bottom&#8221; animation_intensity_slide=&#8221;20%&#8221; animation_starting_opacity=&#8221;100%&#8221; global_colors_info=&#8221;{}&#8221;]<\/p>\n<h4><strong>Hostal La Posada<\/strong><\/h4>\n<p>Ubicado en\u00a0<strong>Torrellano, Elche<\/strong>, a\u00a0<strong>2 km del aeropuerto de Alicante<\/strong>\u00a0y\u00a0<strong>7 km del centro de Elche<\/strong>,\u00a0<strong>Hostal La Posada<\/strong>\u00a0ofrece f\u00e1cil acceso a playas, el casco hist\u00f3rico de Alicante y una variada oferta de ocio y gastronom\u00eda.<\/p>\n<p>Para ver m\u00e1s informaci\u00f3n sobre el hostal, visita:\u00a0<a href=\"https:\/\/hostallaposada.com\/\">Hostal La Posada<\/a><\/p>\n<p>[\/et_pb_text][\/et_pb_column][\/et_pb_row][\/et_pb_section][et_pb_section fb_built=&#8221;1&#8243; admin_label=&#8221;Hero section&#8221; _builder_version=&#8221;4.17.4&#8243; _module_preset=&#8221;default&#8221; use_background_color_gradient=&#8221;on&#8221; background_color_gradient_stops=&#8221;rgba(123,178,135,0.61) 0%|rgba(63,135,82,0.61) 100%&#8221; background_color_gradient_overlays_image=&#8221;on&#8221; background_color_gradient_start=&#8221;rgba(150,105,97,0.67)&#8221; background_color_gradient_end=&#8221;rgba(2,0,76,0.84)&#8221; background_image=&#8221;https:\/\/3joint-inteo.umh.es\/files\/2025\/06\/Fondo-Web-III-Jornadas-Inteo-Fondo-Transparente-1920x1080px.png&#8221; background_position=&#8221;top_center&#8221; custom_margin=&#8221;|||&#8221; custom_padding=&#8221;1.4%||0.6%|||&#8221; global_colors_info=&#8221;{}&#8221;][et_pb_row _builder_version=&#8221;4.17.4&#8243; _module_preset=&#8221;default&#8221; custom_margin=&#8221;|||&#8221; global_colors_info=&#8221;{}&#8221;][et_pb_column type=&#8221;4_4&#8243; _builder_version=&#8221;4.16&#8243; _module_preset=&#8221;default&#8221; custom_padding=&#8221;|||&#8221; global_colors_info=&#8221;{}&#8221; custom_padding__hover=&#8221;|||&#8221;][et_pb_cta title=&#8221;\u00a1Inscr\u00edbete ahora!&#8221; button_url=&#8221;@ET-DC@eyJkeW5hbWljIjp0cnVlLCJjb250ZW50IjoicG9zdF9saW5rX3VybF9wYWdlIiwic2V0dGluZ3MiOnsicG9zdF9pZCI6IjUzOSJ9fQ==@&#8221; button_text=&#8221;Inscripciones&#8221; _builder_version=&#8221;4.17.4&#8243; _dynamic_attributes=&#8221;button_url,link_option_url&#8221; _module_preset=&#8221;default&#8221; header_font=&#8221;Lato|900||on|||||&#8221; header_font_size=&#8221;48px&#8221; header_letter_spacing=&#8221;2px&#8221; header_line_height=&#8221;1.2em&#8221; body_font=&#8221;Lato||||||||&#8221; body_font_size=&#8221;20px&#8221; body_line_height=&#8221;1.8em&#8221; use_background_color=&#8221;off&#8221; custom_button=&#8221;on&#8221; button_text_size=&#8221;16px&#8221; button_text_color=&#8221;#ffffff&#8221; button_bg_color=&#8221;#298042&#8243; button_border_width=&#8221;6px&#8221; button_border_color=&#8221;#298042&#8243; button_border_radius=&#8221;5px&#8221; button_letter_spacing=&#8221;2px&#8221; button_font=&#8221;Lato|900||on|||||&#8221; max_width=&#8221;750px&#8221; module_alignment=&#8221;center&#8221; custom_margin=&#8221;||10px|-13px|false|false&#8221; link_option_url=&#8221;@ET-DC@eyJkeW5hbWljIjp0cnVlLCJjb250ZW50IjoicG9zdF9saW5rX3VybF9wYWdlIiwic2V0dGluZ3MiOnsicG9zdF9pZCI6IjUzOSJ9fQ==@&#8221; header_font_size_tablet=&#8221;40px&#8221; header_font_size_phone=&#8221;&#8221; header_font_size_last_edited=&#8221;on|tablet&#8221; header_text_shadow_style=&#8221;preset1&#8243; header_text_shadow_blur_strength=&#8221;0.6em&#8221; header_text_shadow_color=&#8221;rgba(0,0,0,0.24)&#8221; button_letter_spacing_hover=&#8221;2px&#8221; global_colors_info=&#8221;{}&#8221; button_text_size__hover_enabled=&#8221;off&#8221; button_one_text_size__hover_enabled=&#8221;off&#8221; button_two_text_size__hover_enabled=&#8221;off&#8221; button_text_color__hover_enabled=&#8221;off&#8221; button_one_text_color__hover_enabled=&#8221;off&#8221; button_two_text_color__hover_enabled=&#8221;off&#8221; button_border_width__hover_enabled=&#8221;off&#8221; button_one_border_width__hover_enabled=&#8221;off&#8221; button_two_border_width__hover_enabled=&#8221;off&#8221; button_border_color__hover_enabled=&#8221;off&#8221; button_one_border_color__hover_enabled=&#8221;off&#8221; button_two_border_color__hover_enabled=&#8221;off&#8221; button_border_radius__hover_enabled=&#8221;off&#8221; button_one_border_radius__hover_enabled=&#8221;off&#8221; button_two_border_radius__hover_enabled=&#8221;off&#8221; button_letter_spacing__hover_enabled=&#8221;on&#8221; button_letter_spacing__hover=&#8221;2px&#8221; button_one_letter_spacing__hover_enabled=&#8221;off&#8221; button_two_letter_spacing__hover_enabled=&#8221;off&#8221; button_bg_color__hover_enabled=&#8221;off&#8221; button_one_bg_color__hover_enabled=&#8221;off&#8221; button_two_bg_color__hover_enabled=&#8221;off&#8221;]<\/p>\n<p>\u00danete las <strong>III Jornadas Internacionales del Grupo InTeO<\/strong>, un espacio para compartir conocimiento, experiencias e innovaci\u00f3n en el \u00e1mbito de la ocupaci\u00f3n.<\/p>\n<p>[\/et_pb_cta][\/et_pb_column][\/et_pb_row][\/et_pb_section]<\/p>\n","protected":false},"excerpt":{"rendered":"<p>Informaci\u00f3n de inter\u00e9s En esta secci\u00f3n encontrar\u00e1s informaci\u00f3n sobre la ciudad y sede de las III Jornadas Internacionales InTeO. Adem\u00e1s, ofrecemos algunas recomendaciones de alojamiento cercanas a la sede del evento.CiudadSobre ElcheElche, situada en la provincia de Alicante, Comunidad Valenciana, es una ciudad con una rica historia y patrimonio cultural. Con una poblaci\u00f3n de 243.128 [&hellip;]<\/p>\n","protected":false},"author":27939,"featured_media":0,"parent":0,"menu_order":0,"comment_status":"closed","ping_status":"closed","template":"","meta":{"_et_pb_use_builder":"on","_et_pb_old_content":"","_et_gb_content_width":"","_links_to":"","_links_to_target":""},"_links":{"self":[{"href":"https:\/\/3joint-inteo.umh.es\/ca\/wp-json\/wp\/v2\/pages\/713"}],"collection":[{"href":"https:\/\/3joint-inteo.umh.es\/ca\/wp-json\/wp\/v2\/pages"}],"about":[{"href":"https:\/\/3joint-inteo.umh.es\/ca\/wp-json\/wp\/v2\/types\/page"}],"author":[{"embeddable":true,"href":"https:\/\/3joint-inteo.umh.es\/ca\/wp-json\/wp\/v2\/users\/27939"}],"replies":[{"embeddable":true,"href":"https:\/\/3joint-inteo.umh.es\/ca\/wp-json\/wp\/v2\/comments?post=713"}],"version-history":[{"count":0,"href":"https:\/\/3joint-inteo.umh.es\/ca\/wp-json\/wp\/v2\/pages\/713\/revisions"}],"wp:attachment":[{"href":"https:\/\/3joint-inteo.umh.es\/ca\/wp-json\/wp\/v2\/media?parent=713"}],"curies":[{"name":"wp","href":"https:\/\/api.w.org\/{rel}","templated":true}]}}